{"id":1362,"date":"2012-05-12T09:07:49","date_gmt":"2012-05-12T07:07:49","guid":{"rendered":"http:\/\/www.historiacocina.com\/es\/?page_id=1362"},"modified":"2013-11-27T13:07:05","modified_gmt":"2013-11-27T12:07:05","slug":"historia-de-la-gastronomia-2","status":"publish","type":"page","link":"https:\/\/www.historiacocina.com\/es\/historia-de-la-gastronomia-2","title":{"rendered":"Historia de la gastronomia"},"content":{"rendered":"<p><strong>Advertencia a los visitantes:<\/strong><\/p>\n<p style=\"text-align: justify;\">Los \u00edndices de linkados que se adjuntan, hasta que no podamos trasladar todo lo que tenemos en nuestra antigua web, forman un conjunto, tanto de lo que existe en la primitiva web\u00a0como en la que est\u00e1, de forma que\u00a0no se pierda ning\u00fan estudio de los que hemos elaborado en estos 14 a\u00f1os de existencia en Internet.<\/p>\n<p style=\"text-align: justify;\">Las p\u00e1ginas que salgan en una nueva ventana son las antiguas y las que se monten en esta ser\u00e1 las modernas y reformadas, de modo que en un tiempo relativamente corto el direcionamiento cambie a\u00fan siendo el mismo trabajo, aunque mantendremos las p\u00e1ginas, una vez renovadas, con un linkado a las nuevas pero vac\u00edas de contenidos para que no se dupliquen los trabajos.<\/p>\n<p style=\"text-align: justify;\">Puede ser que no encuentre la historia del alimento o sobre un trabajo determinado en este \u00edndice; existe la posibilidad de que lo que busca lo tengamos con otro nombre o dentro de otro trabajo, por lo que le aconsejamos que utilice el buscador de la web poniendo el nombre que desee.<\/p>\n<div align=\"center\">\n<p>&nbsp;<\/p>\n<table style=\"width: 100%; border-collapse: collapse;\" border=\"0\" cellspacing=\"8\" cellpadding=\"8\">\n<tbody>\n<tr lang=\"\" style=\"background-color: #6fd7b4;\" valign=\"top\">\n<td width=\"33%\"><\/td>\n<td style=\"text-align: center;\" width=\"33%\"><strong>\u00a0Historia de\u00a0banquetes hist\u00f3ricos<\/strong><\/td>\n<td width=\"34%\"><\/td>\n<\/tr>\n<tr align=\"left\" valign=\"top\">\n<td width=\"33%\">\u00a0<span style=\"color: #000000;\"><a href=\"http:\/\/www.historiacocina.com\/gourmets\/articulos\/asurbanipal1.htm\" target=\"_blank\"><span style=\"color: #000000;\">El mayor banquete de la antig\u00fcedad celebrado en Mesopotamia<\/span><\/a><\/span><\/td>\n<td width=\"33%\">\u00a0<span style=\"color: #000000;\"><a href=\"http:\/\/www.historiacocina.com\/gourmets\/articulos\/banquetesargentina.htm\" target=\"_blank\"><span style=\"color: #000000;\">Los banquetes de comienzos del siglo XIX en Argentina<\/span><\/a><\/span><\/td>\n<td width=\"34%\">\u00a0<span style=\"color: #000000;\"><a href=\"https:\/\/www.historiacocina.com\/es\/comer-carne-de-caballo-o-la-historia-de-la-hipofagia\" target=\"_blank\"><span style=\"color: #000000;\">Historia de la alimentaci\u00f3n de la carne de caballo o la hipofagia<\/span><\/a><\/span><\/td>\n<\/tr>\n<tr align=\"left\" valign=\"top\">\n<td><span style=\"color: #000000;\"><a href=\"http:\/\/www.historiacocina.com\/monograficos\/galicia.htm\" target=\"_blank\"><span style=\"color: #000000;\">Historia de Galicia de banquete en banquete (monogr\u00e1fico)<\/span><\/a><\/span><\/td>\n<td>\u00a0<span style=\"color: #000000;\"><a title=\"Editar \u201cCr\u00f3nica de un banquete de Napole\u00f3n en Egipto rescatado para la historia\u201d\" href=\"https:\/\/www.historiacocina.com\/es\/banquete-de-napoleon-en-egipto\"><span style=\"color: #000000;\">Cr\u00f3nica de un banquete de Napole\u00f3n en Egipto rescatado para la historia<\/span><\/a><\/span><\/td>\n<td><\/td>\n<\/tr>\n<tr lang=\"\" style=\"background-color: #c59df0;\" valign=\"top\">\n<td><\/td>\n<td style=\"text-align: center;\"><strong>Historia de cocineros y gourmets<\/strong><\/td>\n<td><\/td>\n<\/tr>\n<tr align=\"left\" valign=\"top\">\n<td><span style=\"color: #000000;\"><a href=\"http:\/\/www.historiacocina.com\/gourmets\/articulos\/anfitrion.html\" target=\"_blank\"><span style=\"color: #000000;\">Historia de Anfitri\u00f3n<\/span><\/a><\/span><\/td>\n<td><span style=\"color: #000000;\"><a href=\"http:\/\/www.historiacocina.com\/gourmets\/articulos\/solon.html\" target=\"_blank\"><span style=\"color: #000000;\">Sol\u00f3n, el sabio gastr\u00f3sofo de Atenas<\/span><\/a><\/span><\/td>\n<td><span style=\"color: #000000;\"><a href=\"http:\/\/www.historiacocina.com\/gourmets\/articulos\/arquestrato.html\" target=\"_blank\"><span style=\"color: #000000;\">Historia de Arquestato<\/span><\/a><\/span><\/td>\n<\/tr>\n<tr align=\"left\" valign=\"top\">\n<td><span style=\"color: #000000;\"><a href=\"http:\/\/www.historiacocina.com\/gourmets\/articulos\/apicio.html\" target=\"_blank\"><span style=\"color: #000000;\">Marco Gavio Apicio<\/span><\/a><\/span><\/td>\n<td><span style=\"color: #000000;\"><a href=\"http:\/\/www.historiacocina.com\/gourmets\/articulos\/vitelio.html\" target=\"_blank\"><span style=\"color: #000000;\">Aulo Vitelio Germ\u00e1nico<\/span><\/a><\/span><\/td>\n<td><span style=\"color: #000000;\"><a href=\"http:\/\/www.historiacocina.com\/gourmets\/articulos\/probus.htm\" target=\"_blank\"><span style=\"color: #000000;\">Marcus Aurelius Probus, el padre de la Chadornny<\/span><\/a><\/span><\/td>\n<\/tr>\n<tr align=\"left\" valign=\"top\">\n<td><span style=\"color: #000000;\">\u00a0<\/span><span style=\"color: #000000;\"><a href=\"http:\/\/www.historiacocina.com\/paises\/articulos\/estebanillo.htm\" target=\"_blank\"><span style=\"color: #000000;\">Estebanillo Gonz\u00e1lez y el relleno imperial aovado<\/span><\/a><\/span><\/td>\n<td><span style=\"color: #000000;\"><a href=\"http:\/\/www.historiacocina.com\/gourmets\/articulos\/garcilaso.htm\" target=\"_blank\"><span style=\"color: #000000;\">Garcilaso de la Vega, el primer criollo<\/span><\/a><\/span><\/td>\n<td><span style=\"color: #000000;\"><a href=\"http:\/\/www.historiacocina.com\/gourmets\/articulos\/scappi.htm\" target=\"_blank\"><span style=\"color: #000000;\">Biograf\u00eda de Bartolomeo Scappi, cocinero del Papa P\u00edo V y autor de Opera<\/span><\/a><\/span><\/td>\n<\/tr>\n<tr align=\"left\" valign=\"top\">\n<td>\u00a0<span style=\"color: #000000;\"><a href=\"http:\/\/www.historiacocina.com\/gourmets\/articulos\/galateo.htm\" target=\"_blank\"><span style=\"color: #000000;\">Formas de comportarse en la mesa seg\u00fan Giovanni della Casa en su obra Galateo<\/span><\/a><\/span><\/td>\n<td><span style=\"color: #000000;\">\u00a0<a href=\"http:\/\/www.historiacocina.com\/gourmets\/articulos\/chiquart.htm\" target=\"_blank\"><span style=\"color: #000000;\">Biograf\u00eda del ma\u00eetre Ciquart o historia de la cocina italiana del Medievo en la corte de Amadeo VIII de Saboya<\/span><\/a><\/span><\/td>\n<td><span style=\"color: #000000;\">\u00a0<a href=\"http:\/\/www.historiacocina.com\/gourmets\/articulos\/vatel.htm\" target=\"_blank\"><span style=\"color: #000000;\">Fran\u00e7ois Vatel, en tr\u00e1gico anfitri\u00f3n de Chantilly<\/span><\/a>\u00a0<\/span><\/td>\n<\/tr>\n<tr align=\"left\" valign=\"top\">\n<td><span style=\"color: #000000;\">\u00a0<a href=\"http:\/\/www.historiacocina.com\/gourmets\/reyniere\/index.html\" target=\"_blank\"><span style=\"color: #000000;\">Grimod de la Reini\u00e9re, el gastr\u00f3nomo exc\u00e9ntrico<\/span><\/a><\/span><\/td>\n<td><span style=\"color: #000000;\">\u00a0<a href=\"http:\/\/www.historiacocina.com\/gourmets\/articulos\/careme.htm\" target=\"_blank\"><span style=\"color: #000000;\">Antonio Car\u00e9me, el cocinero de reyes y la gastronom\u00eda de su tiempo<\/span><\/a><\/span><\/td>\n<td><span style=\"color: #000000;\">\u00a0<a href=\"http:\/\/www.historiacocina.com\/gourmets\/articulos\/krantz.htm\" target=\"_blank\"><span style=\"color: #000000;\">Eugene Krantz, el chef del Zar Alejandro III<\/span><\/a><\/span><\/td>\n<\/tr>\n<tr align=\"left\" valign=\"top\">\n<td>\u00a0<span style=\"color: #000000;\"><a href=\"http:\/\/www.historiacocina.com\/gourmets\/articulos\/duglere.htm\" target=\"_blank\"><span style=\"color: #000000;\">Adolphe Dugl\u00e9r\u00e9, el Mozart de la cocina<\/span><\/a><\/span><\/td>\n<td><span style=\"color: #000000;\">\u00a0<a href=\"http:\/\/www.historiacocina.com\/gourmets\/articulos\/jesuitas.htm\" target=\"_blank\"><span style=\"color: #000000;\">La cocina de los jesuitas<\/span><\/a><\/span><\/td>\n<td><span style=\"color: #000000;\"><a href=\"http:\/\/www.historiacocina.com\/gourmets\/murcielago\/murcielago.html\" target=\"_blank\"><span style=\"color: #000000;\">\u00a0El Murci\u00e9lago y la gastronom\u00eda del siglo XIX en Per\u00fa<\/span><\/a><\/span><\/td>\n<\/tr>\n<tr align=\"left\" valign=\"top\">\n<td><span style=\"color: #000000;\">\u00a0<a href=\"http:\/\/www.historiacocina.com\/gourmets\/articulos\/amatlle.htm\" target=\"_blank\"><span style=\"color: #000000;\">Biograf\u00eda de Antoni Amatller Costa, maestro chocolatero<\/span><\/a><\/span><\/td>\n<td><span style=\"color: #000000;\">\u00a0<a href=\"http:\/\/www.historiacocina.com\/gourmets\/duelo\/duelo.html\" target=\"_blank\"><span style=\"color: #000000;\">El duelo del sabor<\/span><\/a><\/span><\/td>\n<td><span style=\"color: #000000;\">\u00a0<a href=\"https:\/\/www.historiacocina.com\/es\/puga-y-parga-picadillo\" target=\"_blank\"><span style=\"color: #000000;\">Biograf\u00eda de Manuel Mar\u00eda Puga y Parga &#8216;Picadillo&#8217;<\/span><\/a><\/span><\/td>\n<\/tr>\n<tr align=\"left\" valign=\"top\">\n<td><a href=\"https:\/\/www.historiacocina.com\/es\/historia-de-salamanca\" target=\"_blank\">\u00a0<\/a><a href=\"https:\/\/www.historiacocina.com\/es\/historia-de-salamanca\" target=\"_blank\"><span style=\"color: #000000;\">La \u00faltima cena de un banquero y doce rom\u00e1nticos<\/span><\/a><\/td>\n<td><span style=\"color: #000000;\">\u00a0<a href=\"http:\/\/www.historiacocina.com\/gourmets\/articulos\/ricardopalma.html\" target=\"_blank\"><span style=\"color: #000000;\">Ricardo Palma: Las tradiciones en la gastronom\u00eda peruana<\/span><\/a><\/span><\/td>\n<td><span style=\"color: #000000;\">\u00a0<a href=\"http:\/\/www.historiacocina.com\/gourmets\/articulos\/prince.html\" target=\"_blank\"><span style=\"color: #000000;\">Carlos Prince<\/span><\/a><\/span><\/td>\n<\/tr>\n<tr align=\"left\" valign=\"top\">\n<td><span style=\"color: #000000;\"><a href=\"http:\/\/www.historiacocina.com\/gourmets\/articulos\/federicomore.htm\" target=\"_blank\"><span style=\"color: #000000;\">Federico More Barrionnuevo, el cronista del buen comer<\/span><\/a><\/span><\/td>\n<td><span style=\"color: #000000;\"><a href=\"http:\/\/www.historiacocina.com\/gourmets\/articulos\/pardobazan1.htm\" target=\"_blank\"><span style=\"color: #000000;\">Celebraci\u00f3n gastron\u00f3mica con ocasi\u00f3n del nombramiento de Emilia Pardo Baz\u00e1n como catedr\u00e1tica<\/span><\/a><\/span><\/td>\n<td><span style=\"color: #000000;\"><a href=\"http:\/\/www.historiacocina.com\/gourmets\/articulos\/compadre.html\" target=\"_blank\"><span style=\"color: #000000;\">Ricardo Alcalde Mongrut &#8216;El Compadre Guisao&#8217;<\/span><\/a><\/span><\/td>\n<\/tr>\n<tr align=\"left\" valign=\"top\">\n<td><span style=\"color: #000000;\"><a href=\"http:\/\/www.historiacocina.com\/paises\/articulos\/peru\/josepha.htm\" target=\"_blank\"><span style=\"color: #000000;\">Josepha de Escurrechea, una noble cocinera<\/span><\/a><\/span><\/td>\n<td><span style=\"color: #000000;\"><a href=\"http:\/\/www.historiacocina.com\/gourmets\/articulos\/nestorlujan.htm\" target=\"_blank\"><span style=\"color: #000000;\">Biograf\u00eda de N\u00e9stor Luj\u00e1n<\/span><\/a><\/span><\/td>\n<td><span style=\"color: #000000;\"><a href=\"http:\/\/www.historiacocina.com\/gourmets\/articulos\/sanmartin.htm\" target=\"_blank\"><span style=\"color: #000000;\">La mesa del libertador general San Mart\u00edn<\/span><\/a><\/span><\/td>\n<\/tr>\n<tr align=\"left\" valign=\"top\">\n<td><span style=\"color: #000000;\"><a href=\"http:\/\/www.historiacocina.com\/gourmets\/articulos\/liniers.htm\" target=\"_blank\"><span style=\"color: #000000;\">La mesa de Santiago Liniers: siete d\u00edas de comilonas (Argentina)<\/span><\/a><\/span><\/td>\n<td><span style=\"color: #000000;\"><a href=\"http:\/\/www.historiacocina.com\/gourmets\/articulos\/frailes.htm\" target=\"_blank\"><span style=\"color: #000000;\">Los placeres de los frailes en Argentina<\/span><\/a><\/span><\/td>\n<td><span style=\"color: #000000;\"><a href=\"http:\/\/www.historiacocina.com\/paises\/articulos\/cocinerosny.htm\" target=\"_blank\"><span style=\"color: #000000;\">Historia de cuatro cocineros neoyorkinos m\u00e1s uno en los dorados a\u00f1os veinte del pasado siglo contado por Ignacio Dom\u00e9nech<\/span><\/a><\/span><\/td>\n<\/tr>\n<tr align=\"left\" valign=\"top\">\n<td><span style=\"color: #000000;\"><a href=\"http:\/\/www.historiacocina.com\/dietas\/articulos\/sancho1.htm\" target=\"_blank\"><span style=\"color: #000000;\">Un rey de opereta, Sancho I &#8216;El Craso&#8217; (Espa\u00f1a)<\/span><\/a><\/span><\/td>\n<td><a href=\"https:\/\/www.historiacocina.com\/es\/biografia-del-conde-de-rumford\"><span style=\"color: #000000;\"><span style=\"color: #000000;\">Biograf\u00eda del Conde de Rumford, un yanqui en la corte del rey de Prusia luchando contra el hambre<\/span><\/span><\/a><\/td>\n<td>\u00a0<span style=\"color: #000000;\"><a href=\"https:\/\/www.historiacocina.com\/es\/rossini\" target=\"_blank\"><span style=\"color: #000000;\">Biograf\u00eda de gourmet y compositor Gioacchino Rossini<\/span><\/a><\/span><\/td>\n<\/tr>\n<tr align=\"left\" valign=\"top\">\n<td><span style=\"color: #000000;\"><a href=\"http:\/\/www.historiacocina.com\/gourmets\/cocinerosreales\/carlosII1.htm\" target=\"_blank\"><span style=\"color: #000000;\">Biograf\u00edas y relaci\u00f3n de cocineros del rey Carlos II el Hechizado de Espa\u00f1a<\/span><\/a><\/span><\/td>\n<td>\u00a0<span style=\"color: #000000;\"><a href=\"http:\/\/www.historiacocina.com\/gourmets\/cocinerosreales\/catalan.htm\" target=\"_blank\"><span style=\"color: #000000;\">Antonio Catal\u00e1n, cocinero del rey Carlos III de Espa\u00f1a<\/span><\/a><\/span><\/td>\n<td>\u00a0<span style=\"color: #000000;\"><a href=\"http:\/\/www.historiacocina.com\/gourmets\/articulos\/capella.htm\" target=\"_blank\"><span style=\"color: #000000;\">Biograf\u00eda de Loreto Capella Olasagasti y todos los cocineros del rey Alfonso XIII<\/span><\/a><\/span><\/td>\n<\/tr>\n<tr align=\"left\" valign=\"top\">\n<td><span style=\"color: #000000;\"><a href=\"https:\/\/www.historiacocina.com\/es\/foyot-de-paris\" target=\"_blank\"><span style=\"color: #000000;\">Biograf\u00eda de Leopoldo Mourier<\/span><\/a><\/span><\/td>\n<td><\/td>\n<td><\/td>\n<\/tr>\n<tr lang=\"\" style=\"background-color: #e8f97f;\" valign=\"top\">\n<td><\/td>\n<td style=\"text-align: center;\">\u00a0<strong>Biograf\u00eda de cocineros modernos<\/strong><\/td>\n<td><\/td>\n<\/tr>\n<tr>\n<td>\u00a0<span style=\"color: #000000;\"><a href=\"http:\/\/www.historiacocina.com\/gourmets\/actuales\/trotter.html\" target=\"_blank\"><span style=\"color: #000000;\">Charlie Trotter<\/span><\/a><\/span><\/td>\n<td><span style=\"color: #000000;\">\u00a0<a href=\"http:\/\/www.historiacocina.com\/gourmets\/actuales\/heston.html\" target=\"_blank\"><span style=\"color: #000000;\">Heston Bumenthal<\/span><\/a><\/span><\/td>\n<td><span style=\"color: #000000;\"><a href=\"http:\/\/www.historiacocina.com\/gourmets\/actuales\/bras.html\" target=\"_blank\"><span style=\"color: #000000;\">\u00a0Michel Bras<\/span><\/a><\/span><\/td>\n<\/tr>\n<tr>\n<td><span style=\"color: #000000;\"><a href=\"http:\/\/www.historiacocina.com\/gourmets\/actuales\/chicote.html\" target=\"_blank\"><span style=\"color: #000000;\">Alberto Chicote<\/span><\/a><\/span><\/td>\n<td><\/td>\n<td><\/td>\n<\/tr>\n<tr lang=\"\" style=\"background-color: #a7dcfa;\" valign=\"top\">\n<td><\/td>\n<td style=\"text-align: center;\"><strong>Monogr\u00e1ficos gastron\u00f3micos<\/strong><\/td>\n<td><\/td>\n<\/tr>\n<tr align=\"left\" valign=\"top\">\n<td>\u00a0<span style=\"color: #000000;\"><a href=\"http:\/\/www.historiacocina.com\/monograficos\/veneno.htm\" target=\"_blank\"><span style=\"color: #000000;\">Historia de los venenos, los envenenadores y los envenenados<\/span><\/a><\/span><\/td>\n<td><span style=\"color: #000000;\"><a href=\"http:\/\/www.historiacocina.com\/monograficos\/leonardo.htm\" target=\"_blank\"><span style=\"color: #000000;\">\u00a0Historia de Leonardo da Vinci y su supuesta faceta gastron\u00f3mica<\/span><\/a><\/span><\/td>\n<td><span style=\"color: #000000;\">\u00a0<a href=\"http:\/\/www.historiacocina.com\/monograficos\/artusi.htm\" target=\"_blank\"><span style=\"color: #000000;\">Pellegrino Artusi<\/span><\/a><\/span><\/td>\n<\/tr>\n<tr align=\"left\" valign=\"top\">\n<td><span style=\"color: #000000;\">\u00a0<a href=\"http:\/\/www.historiacocina.com\/monograficos\/reyes.htm\" target=\"_blank\"><span style=\"color: #000000;\">La gastronom\u00eda en las distintas casas reales espa\u00f1olas<\/span><\/a><\/span><\/td>\n<td>\u00a0<span style=\"color: #000000;\"><a href=\"https:\/\/www.historiacocina.com\/es\/antiguo-egipto\" target=\"_blank\"><span style=\"color: #000000;\">Historia de los alimentos, la alimentaci\u00f3n y la gastronom\u00eda en el antiguo Egipto<\/span><\/a><\/span><\/td>\n<td><\/td>\n<\/tr>\n<tr lang=\"\" style=\"background-color: #81aef7;\" valign=\"top\">\n<td><\/td>\n<td style=\"text-align: center;\">\u00a0<strong>Historia de los restaurantes y comedores<\/strong><\/td>\n<td><\/td>\n<\/tr>\n<tr align=\"left\" valign=\"top\">\n<td><span style=\"color: #000000;\"><a href=\"http:\/\/www.historiacocina.com\/gourmets\/articulos\/restaurante.html\" target=\"_blank\"><span style=\"color: #000000;\">Origen del nombre restaurante<\/span><\/a><\/span><\/td>\n<td><span style=\"color: #000000;\"><a href=\"http:\/\/www.historiacocina.com\/gourmets\/restaurantes\/maxims.html\" target=\"_blank\"><span style=\"color: #000000;\">Historias y leyendas de dos m\u00edticos restaurantes: Chez Maxim&#8217;s y Maison Dor\u00e9e<\/span><\/a><\/span><\/td>\n<td><span style=\"color: #000000;\"><a href=\"http:\/\/www.historiacocina.com\/gourmets\/articulos\/argent.html\" target=\"_blank\"><span style=\"color: #000000;\">Historia del restaurante la Tour d&#8217;Argent<\/span><\/a><\/span><\/td>\n<\/tr>\n<tr align=\"left\" valign=\"top\">\n<td><span style=\"color: #000000;\"><a href=\"http:\/\/www.historiacocina.com\/gourmets\/restaurantes\/vefour.html\" target=\"_blank\"><span style=\"color: #000000;\">Historia de la historia de Francia: el restaurante Grand V\u00e9four<\/span><\/a><\/span><\/td>\n<td><span style=\"color: #000000;\"><a href=\"https:\/\/www.historiacocina.com\/es\/foyot-de-paris\" target=\"_blank\"><span style=\"color: #000000;\">\u00a0Historia del restaurante Foyot y el terrorismo de estado<\/span><\/a><\/span><\/td>\n<td><span style=\"color: #000000;\">\u00a0<a href=\"https:\/\/www.historiacocina.com\/es\/historia-del-restaurante-merguery-un-mitico-de-la-historia-de-la-gastronomia-francesa\" target=\"_blank\"><span style=\"color: #000000;\">Historia del restaurante Margu\u00e9ry y el amor<\/span><\/a><\/span><\/td>\n<\/tr>\n<tr align=\"left\" valign=\"top\">\n<td><span style=\"color: #000000;\"><a href=\"http:\/\/www.historiacocina.com\/gourmets\/articulos\/dirigible.htm\" target=\"_blank\"><span style=\"color: #000000;\">Historia del c\u00e1tering aereo<\/span><\/a><\/span><\/td>\n<td><span style=\"color: #000000;\"><a href=\"http:\/\/www.historiacocina.com\/narraciones\/trenes\/trenes.htm\" target=\"_blank\"><span style=\"color: #000000;\">Historia de la alimentaci\u00f3n en los trenes<\/span><\/a><\/span><\/td>\n<td><span style=\"color: #000000;\"><a href=\"http:\/\/www.historiacocina.com\/gourmets\/articulos\/barcelona1.htm\" target=\"_blank\"><span style=\"color: #000000;\">Historia de los primeros restaurantes de Barcelona<\/span><\/a><\/span><\/td>\n<\/tr>\n<tr align=\"left\" valign=\"top\">\n<td><span style=\"color: #000000;\"><a href=\"http:\/\/www.historiacocina.com\/paises\/articulos\/espana\/comedores.htm\" target=\"_blank\"><span style=\"color: #000000;\">Historia de los comedores de Cocina Econ\u00f3mica o de caridad; un invento de finales del siglo XIX<\/span><\/a><\/span><\/td>\n<td><span style=\"color: #000000;\"><a href=\"https:\/\/www.historiacocina.com\/es\/publicidad-en-formula-1\"><span style=\"color: #000000;\">Publicidad de los alimentos en la F\u00f3rmula I<\/span><\/a><\/span><\/td>\n<td><span style=\"color: #000000;\"><a href=\"https:\/\/www.historiacocina.com\/es\/alimentacionde-los-soldados-en-baviera-alemania-a-finales-del-siglo-xviii-y-el-conde-de-rumford\"><span style=\"color: #000000;\">Historia de una revoluci\u00f3n en la alimentaci\u00f3n y el hambre de los soldados en Baviera a finales del siglo XVIII y el conde de Rumford<\/span><\/a><\/span><\/td>\n<\/tr>\n<\/tbody>\n<\/table>\n<p>&nbsp;<\/p>\n<\/div>\n","protected":false},"excerpt":{"rendered":"<p>Advertencia a los visitantes: Los \u00edndices de linkados que se adjuntan, hasta que no podamos trasladar todo lo que tenemos en nuestra antigua web, forman un conjunto, tanto de lo que existe en la primitiva web\u00a0como en la que est\u00e1, &hellip; <a href=\"https:\/\/www.historiacocina.com\/es\/historia-de-la-gastronomia-2\">Sigue leyendo <span class=\"meta-nav\">&rarr;<\/span><\/a><\/p>\n","protected":false},"author":1,"featured_media":0,"parent":0,"menu_order":0,"comment_status":"closed","ping_status":"closed","template":"","meta":{"_mi_skip_tracking":false,"_exactmetrics_sitenote_active":false,"_exactmetrics_sitenote_note":"","_exactmetrics_sitenote_category":0},"aioseo_notices":[],"_links":{"self":[{"href":"https:\/\/www.historiacocina.com\/es\/wp-json\/wp\/v2\/pages\/1362"}],"collection":[{"href":"https:\/\/www.historiacocina.com\/es\/wp-json\/wp\/v2\/pages"}],"about":[{"href":"https:\/\/www.historiacocina.com\/es\/wp-json\/wp\/v2\/types\/page"}],"author":[{"embeddable":true,"href":"https:\/\/www.historiacocina.com\/es\/wp-json\/wp\/v2\/users\/1"}],"replies":[{"embeddable":true,"href":"https:\/\/www.historiacocina.com\/es\/wp-json\/wp\/v2\/comments?post=1362"}],"version-history":[{"count":42,"href":"https:\/\/www.historiacocina.com\/es\/wp-json\/wp\/v2\/pages\/1362\/revisions"}],"predecessor-version":[{"id":6103,"href":"https:\/\/www.historiacocina.com\/es\/wp-json\/wp\/v2\/pages\/1362\/revisions\/6103"}],"wp:attachment":[{"href":"https:\/\/www.historiacocina.com\/es\/wp-json\/wp\/v2\/media?parent=1362"}],"curies":[{"name":"wp","href":"https:\/\/api.w.org\/{rel}","templated":true}]}}