{"id":1508,"date":"2012-05-14T13:25:21","date_gmt":"2012-05-14T11:25:21","guid":{"rendered":"http:\/\/www.historiacocina.com\/es\/?page_id=1508"},"modified":"2013-11-14T22:21:41","modified_gmt":"2013-11-14T21:21:41","slug":"espana","status":"publish","type":"page","link":"https:\/\/www.historiacocina.com\/es\/gastronomia-por-paises\/espana","title":{"rendered":"Historia de la gastronom\u00eda de Espa\u00f1a"},"content":{"rendered":"<div align=\"center\">\n<p>&nbsp;<\/p>\n<table style=\"width: 100%; border-collapse: collapse;\" border=\"0\" cellspacing=\"8\" cellpadding=\"8\">\n<tbody>\n<tr lang=\"\" style=\"background-color: #8cd080;\" valign=\"top\">\n<td width=\"33%\"><\/td>\n<td style=\"text-align: center;\" width=\"33%\"><strong>Alimentos vegetales<\/strong><\/td>\n<td width=\"34%\"><\/td>\n<\/tr>\n<tr>\n<td width=\"33%\"><a href=\"http:\/\/www.historiacocina.com\/historia\/articulos\/ajo2.html\" target=\"_blank\"><span style=\"color: #000000;\">La picante historia del ajo<\/span><\/a><\/td>\n<td width=\"33%\"><span style=\"color: #000000;\"><a href=\"http:\/\/www.historiacocina.com\/historia\/olivo\/index.htm\" target=\"_blank\"><span style=\"color: #000000;\">Historia del olivo, las aceitunas y el aceite en Espa\u00f1a I<\/span><\/a><\/span><\/td>\n<td width=\"34%\"><span style=\"color: #000000;\"><a href=\"http:\/\/www.historiacocina.com\/historia\/olivo\/roma.htm\" target=\"_blank\"><span style=\"color: #000000;\">Historia del olivo, las aceitunas y el aceite II<\/span><\/a><\/span><\/td>\n<\/tr>\n<tr>\n<td><span style=\"color: #000000;\"><a href=\"http:\/\/www.historiacocina.com\/historia\/articulos\/vegetalescolumela.htm\" target=\"_blank\"><span style=\"color: #000000;\">Productos que se cosechaban en Espa\u00f1a e Italia en el siglo I seg\u00fan Columela<\/span><\/a><\/span><\/td>\n<td><span style=\"color: #000000;\"><a href=\"http:\/\/www.historiacocina.com\/monograficos\/tomate.htm\" target=\"_blank\"><span style=\"color: #000000;\">Historia del tomate (monogr\u00e1fico)<\/span><\/a><\/span><\/td>\n<td><span style=\"color: #000000;\"><a href=\"http:\/\/www.historiacocina.com\/monograficos\/patata.htm\" target=\"_blank\"><span style=\"color: #000000;\">Historia de la patata (monogr\u00e1fico)<\/span><\/a><\/span><\/td>\n<\/tr>\n<tr>\n<td><span style=\"color: #000000;\"><a href=\"http:\/\/www.historiacocina.com\/historia\/articulos\/chirivia.htm\" target=\"_blank\"><span style=\"color: #000000;\">Historia de la chiriv\u00eda, la patata antes de la patata<\/span><\/a><\/span><\/td>\n<td><span style=\"color: #000000;\"><a href=\"http:\/\/www.historiacocina.com\/historia\/articulos\/batata.htm\" target=\"_blank\"><span style=\"color: #000000;\">Historia de la batata en Espa\u00f1a<\/span><\/a><\/span><\/td>\n<td><span style=\"color: #000000;\"><a href=\"https:\/\/www.historiacocina.com\/es\/chufa\"><span style=\"color: #000000;\">Historia de la chufa, la horchata y las hemorroides del rey Jaime II de Arag\u00f3n<\/span><\/a><\/span><\/td>\n<\/tr>\n<tr>\n<td><span style=\"color: #000000;\"><a href=\"https:\/\/www.historiacocina.com\/es\/maiz-espana\" target=\"_blank\"><span style=\"color: #000000;\">Historia del ma\u00edz en Espa\u00f1a \u00a0y la pelagra o el mal de la rosa<\/span><\/a><\/span><\/td>\n<td><span style=\"color: #000000;\"><a href=\"http:\/\/www.historiacocina.com\/monograficos\/arroz.htm\" target=\"_blank\"><span style=\"color: #000000;\">Historia del arroz (monogr\u00e1fico)<\/span><\/a><\/span><\/td>\n<td><span style=\"color: #000000;\"><a href=\"http:\/\/www.historiacocina.com\/historia\/articulos\/pepino.htm\" target=\"_blank\"><span style=\"color: #000000;\">Historia del pepino<\/span><\/a><\/span><\/td>\n<\/tr>\n<tr>\n<td><span style=\"color: #000000;\"><a title=\"Enlace permanente a Historia de la chumbera, opuntia, nopal o tuna y los higos chumbos\" href=\"https:\/\/www.historiacocina.com\/es\/chumbera\" rel=\"bookmark\"><span style=\"color: #000000;\">Historia de la chumbera, opuntia, nopal o tuna y los higos chumbos<\/span><\/a><\/span><\/td>\n<td><span style=\"color: #000000;\"><a title=\"Enlace permanente a Una aproximaci\u00f3n a la historia del azafr\u00e1n y su cultivo\" href=\"https:\/\/www.historiacocina.com\/es\/azafran\" rel=\"bookmark\"><span style=\"color: #000000;\">Una aproximaci\u00f3n a la historia del azafr\u00e1n y su cultivo<\/span><\/a><\/span><\/td>\n<td><span style=\"color: #000000;\"><a title=\"Enlace permanente a Historia de las berenjenas y su oscuro pasado\" href=\"https:\/\/www.historiacocina.com\/es\/historia-de-las-berenjenas-y-su-oscuro-pasado\" rel=\"bookmark\"><span style=\"color: #000000;\">Historia de las berenjenas y su oscuro pasado<\/span><\/a><\/span><\/td>\n<\/tr>\n<tr>\n<td><span style=\"color: #000000;\"><a title=\"Enlace permanente a La picante historia del ajo\" href=\"https:\/\/www.historiacocina.com\/es\/la-picante-historia-del-ajo\" rel=\"bookmark\"><span style=\"color: #000000;\">La picante historia del ajo<\/span><\/a><\/span><\/td>\n<td><span style=\"color: #000000;\"><a href=\"https:\/\/www.historiacocina.com\/es\/historia-de-los-garbanzos\"><span style=\"color: #000000;\">Historia de los garbanzos (monogr\u00e1fico)<\/span><\/a><\/span><\/td>\n<td>\u00a0\u00a0<span style=\"color: #000000;\"><a href=\"https:\/\/www.historiacocina.com\/es\/cacahuete\"><span style=\"color: #000000;\">Historia del cacahuate, cacahuete o man\u00ed en Espa\u00f1a<\/span><\/a><\/span><\/td>\n<\/tr>\n<tr lang=\"\" style=\"background-color: #f2b97d;\" valign=\"top\">\n<td><\/td>\n<td style=\"text-align: center;\"><strong>Alimentos de procedencia animal<\/strong><\/td>\n<td><\/td>\n<\/tr>\n<tr>\n<td><span style=\"color: #000000;\"><a href=\"http:\/\/www.historiacocina.com\/historia\/articulos\/bacalao.htm\" target=\"_blank\"><span style=\"color: #000000;\">Un pez muy &#8216;salao&#8217;, el bacalao<\/span><\/a><\/span><\/td>\n<td><span style=\"color: #000000;\"><a href=\"http:\/\/www.historiacocina.com\/historia\/articulos\/cangrejo.htm\" target=\"_blank\"><span style=\"color: #000000;\">Historia del cangrejo en la dieta alimenticia<\/span><\/a><\/span><\/td>\n<td><span style=\"color: #000000;\"><a href=\"http:\/\/www.historiacocina.com\/historia\/articulos\/miel.htm\" target=\"_blank\"><span style=\"color: #000000;\">Historia de la miel hace 2.000 a\u00f1os<\/span><\/a><\/span><\/td>\n<\/tr>\n<tr>\n<td><span style=\"color: #000000;\"><a href=\"http:\/\/www.historiacocina.com\/historia\/articulos\/conejo.htm\" target=\"_blank\"><span style=\"color: #000000;\">Historia de los conejos<\/span><\/a><\/span><\/td>\n<td><span style=\"color: #000000;\"><a href=\"http:\/\/www.historiacocina.com\/monograficos\/cerdo.htm\" target=\"_blank\"><span style=\"color: #000000;\">Historia del cerdo (monogr\u00e1fico)<\/span><\/a><\/span><\/td>\n<td><span style=\"color: #000000;\"><a href=\"http:\/\/www.historiacocina.com\/monograficos\/vacas.htm\" target=\"_blank\"><span style=\"color: #000000;\">Historia de las vacas, los toros y los bueyes<\/span><\/a><\/span><\/td>\n<\/tr>\n<tr>\n<td><span style=\"color: #000000;\"><a href=\"http:\/\/www.historiacocina.com\/historia\/articulos\/volateria.htm\" target=\"_blank\"><span style=\"color: #000000;\">La volater\u00eda en la historia de la alimentaci\u00f3n<\/span><\/a><\/span><\/td>\n<td><span style=\"color: #000000;\"><a href=\"http:\/\/www.historiacocina.com\/monograficos\/garum.htm\" target=\"_blank\"><span style=\"color: #000000;\">Historia del at\u00fan en el Mediterr\u00e1neo (monogr\u00e1fico)<\/span><\/a><\/span><\/td>\n<td><\/td>\n<\/tr>\n<tr lang=\"\" style=\"background-color: #e1f565;\" valign=\"top\">\n<td><\/td>\n<td style=\"text-align: center;\"><strong>Alimentos elaborados<\/strong><\/td>\n<td><\/td>\n<\/tr>\n<tr>\n<td><a href=\"http:\/\/www.historiacocina.com\/historia\/articulos\/quesocolumela.htm\" target=\"_blank\"><span style=\"color: #000000;\">Elabotaci\u00f3n de los quesos en tiempos de Jesucristo<\/span><\/a><\/td>\n<td><span style=\"color: #000000;\"><a href=\"http:\/\/www.historiacocina.com\/monograficos\/garum.htm\" target=\"_blank\"><span style=\"color: #000000;\">Historia del at\u00fan, las almadrabas, los salazones y el garum (monogr\u00e1fico)<\/span><\/a><\/span><\/td>\n<td><span style=\"color: #000000;\"><a href=\"http:\/\/www.historiacocina.com\/paises\/articulos\/aceitunascolumela.htm\" target=\"_blank\"><span style=\"color: #000000;\">Adobo de aceitunas de mesa en el siglo I<\/span><\/a><\/span><\/td>\n<\/tr>\n<tr>\n<td><span style=\"color: #000000;\"><a href=\"http:\/\/www.historiacocina.com\/historia\/garum\/almadrabas.html\" target=\"_blank\"><span style=\"color: #000000;\">Historia de las almadrabas y los salazones de pescado en el sur de Espa\u00f1a<\/span><\/a><\/span><\/td>\n<td><span style=\"color: #000000;\"><a href=\"http:\/\/www.historiacocina.com\/paises\/articulos\/baelo\/index.htm\" target=\"_blank\"><span style=\"color: #000000;\">Baelo Claudia (C\u00e1diz), la mayor factor\u00eda de salazones y manufactura de garum de la Hispania Romana<\/span><\/a><\/span><\/td>\n<td><span style=\"color: #000000;\"><a href=\"http:\/\/www.historiacocina.com\/historia\/articulos\/garum.htm\" target=\"_blank\"><span style=\"color: #000000;\">Historia y elaboraci\u00f3n del garum<\/span><\/a><\/span><\/td>\n<\/tr>\n<tr>\n<td><a href=\"http:\/\/www.historiacocina.com\/historia\/articulos\/caviar1.htm\" target=\"_blank\"><span style=\"color: #000000;\">Historia reciente del caviar en Espa\u00f1a<\/span><\/a><\/td>\n<td><span style=\"color: #000000;\"><a href=\"http:\/\/www.historiacocina.com\/historia\/articulos\/oxigarum.htm\" target=\"_blank\"><span style=\"color: #000000;\">F\u00f3rmula para elaborar oxigarum o moretum seg\u00fan Columela<\/span><\/a><\/span><\/td>\n<td><span style=\"color: #000000;\"><a href=\"http:\/\/www.historiacocina.com\/historia\/articulos\/conservasroma.htm\" target=\"_blank\"><span style=\"color: #000000;\">Historia de la fabricaci\u00f3n de conservas, encurtidos, salazones y ahumados en Roma<\/span><\/a><\/span><\/td>\n<\/tr>\n<tr>\n<td><span style=\"color: #000000;\"><a href=\"http:\/\/www.historiacocina.com\/paises\/articulos\/sefardi.htm\" target=\"_blank\"><span style=\"color: #000000;\">La cocina sefard\u00ed<\/span><\/a><\/span><\/td>\n<td><span style=\"color: #000000;\"><a href=\"http:\/\/www.historiacocina.com\/historia\/articulos\/gazpacho.htm\" target=\"_blank\"><span style=\"color: #000000;\">De plebayo a rey, el gazpacho<\/span><\/a><\/span><\/td>\n<td><span style=\"color: #000000;\"><a href=\"http:\/\/www.historiacocina.com\/historia\/articulos\/chocolateesp.htm\" target=\"_blank\"><span style=\"color: #000000;\">Historia del chocolate en Espa\u00f1a<\/span><\/a><\/span><\/td>\n<\/tr>\n<tr>\n<td><span style=\"color: #000000;\"><a href=\"http:\/\/www.historiacocina.com\/historia\/articulos\/pavia.html\" target=\"_blank\"><span style=\"color: #000000;\">Soldaditos de Pav\u00eda, un alimento con historia<\/span><\/a><\/span><\/td>\n<td><span style=\"color: #000000;\"><a href=\"http:\/\/www.historiacocina.com\/historia\/articulos\/mazapan.htm\" target=\"_blank\"><span style=\"color: #000000;\">Historia del mazap\u00e1n<\/span><\/a><\/span><\/td>\n<td><span style=\"color: #000000;\"><a href=\"http:\/\/www.historiacocina.com\/historia\/articulos\/roscoreyes.htm\" target=\"_blank\"><span style=\"color: #000000;\">Historia del rosco de reyes<\/span><\/a><\/span><\/td>\n<\/tr>\n<tr>\n<td><a href=\"http:\/\/www.historiacocina.com\/historia\/articulos\/morcilla.htm\" target=\"_blank\"><span style=\"color: #000000;\">Historia de la morcilla de patatas o patatera<\/span><\/a><\/td>\n<td><span style=\"color: #000000;\"><a href=\"http:\/\/www.historiacocina.com\/especiales\/articulos\/astronautas.htm\" target=\"_blank\"><span style=\"color: #000000;\">Men\u00fa Barcelona para la Estaci\u00f3n Espacial Internacional (ISS)<\/span><\/a><\/span><\/td>\n<td><span style=\"color: #000000;\"><a href=\"http:\/\/www.historiacocina.com\/historia\/articulos\/paella.htm\" target=\"_blank\"><span style=\"color: #000000;\">Una aproximaci\u00f3n a la historia del arroz en occidente y a la paella<\/span><\/a><\/span><\/td>\n<\/tr>\n<tr>\n<td><span style=\"color: #000000;\"><a href=\"https:\/\/www.historiacocina.com\/es\/historia-del-azucar\"><span style=\"color: #000000;\">Historia del az\u00facar<\/span><\/a><\/span><\/td>\n<td><span style=\"color: #000000;\"><a href=\"https:\/\/www.historiacocina.com\/es\/historia-de-la-manteca-asturiana\"><span style=\"color: #000000;\">\u00a0Historia de la manteca en Asturias<\/span><\/a><\/span><\/td>\n<td><\/td>\n<\/tr>\n<tr lang=\"\" style=\"background-color: #cc6699;\" valign=\"top\">\n<td><\/td>\n<td style=\"text-align: center;\"><strong>Historia de las bebidas alcoh\u00f3licas<\/strong><\/td>\n<td><\/td>\n<\/tr>\n<tr>\n<td><span style=\"color: #000000;\"><a href=\"http:\/\/www.historiacocina.com\/historia\/cerveza\/carlos.html\" target=\"_blank\"><span style=\"color: #000000;\">Carlos V, Espa\u00f1a y la historia de la cerveza<\/span><\/a><\/span><\/td>\n<td><span style=\"color: #000000;\"><a href=\"http:\/\/www.historiacocina.com\/historia\/cerveza\/sigloro.html\" target=\"_blank\"><span style=\"color: #000000;\">El Siglo de Oro espa\u00f1ol y la cerveza<\/span><\/a><\/span><\/td>\n<td><span style=\"color: #000000;\"><a href=\"http:\/\/www.historiacocina.com\/historia\/cerveza\/siglo.html\" target=\"_blank\"><span style=\"color: #000000;\">El siglo XIX, los turistas ingleses y la cerveza<\/span><\/a><\/span><\/td>\n<\/tr>\n<tr>\n<td><span style=\"color: #000000;\"><a href=\"http:\/\/www.historiacocina.com\/paises\/articulos\/rondavino.htm\" target=\"_blank\"><span style=\"color: #000000;\">Los vinos de la Serran\u00eda de Ronda (M\u00e1laga) o la historia de un Ave F\u00e9nix<\/span><\/a><\/span><\/td>\n<td><span style=\"color: #000000;\"><a href=\"http:\/\/www.historiacocina.com\/historia\/articulos\/champan1.htm\" target=\"_blank\"><span style=\"color: #000000;\">Historia del champ\u00e1n o cava<\/span><\/a><\/span><\/td>\n<td><span style=\"color: #000000;\"><a href=\"http:\/\/www.historiacocina.com\/paises\/articulos\/aguardienteorujo.htm\" target=\"_blank\"><span style=\"color: #000000;\">Modo de hacer aguardiente de orujo en San Juan del Puerto (Huelva) a finales del siglo XVIII<\/span><\/a><\/span><\/td>\n<\/tr>\n<tr>\n<td><span style=\"color: #000000;\"><a href=\"https:\/\/www.historiacocina.com\/es\/historia-del-vino-de-granada\" target=\"_blank\"><span style=\"color: #000000;\">Historia del vino de Granada y Las Alpujarras<\/span><\/a><\/span><\/td>\n<td><\/td>\n<td><\/td>\n<\/tr>\n<tr>\n<td><\/td>\n<td><\/td>\n<td><\/td>\n<\/tr>\n<tr lang=\"\" style=\"background-color: #77ede1;\" valign=\"top\">\n<td><\/td>\n<td style=\"text-align: center;\"><strong>Historia de la cocina \u00e1rabe en Espa\u00f1a<\/strong><\/td>\n<td><\/td>\n<\/tr>\n<tr>\n<td><span style=\"color: #000000;\"><a href=\"http:\/\/www.historiacocina.com\/paises\/articulos\/andalusi\/utensilios.htm\" target=\"_blank\"><span style=\"color: #000000;\">Utensilios de cocina, la cocci\u00f3n y el hogar de los nazar\u00edes (Espa\u00f1a)<\/span><\/a><\/span><\/td>\n<td><span style=\"color: #000000;\"><a href=\"http:\/\/www.historiacocina.com\/paises\/articulos\/andalusi\/medicina.htm\" target=\"_blank\"><span style=\"color: #000000;\">La alimentaci\u00f3n y la medicina en al&#8217;Andalus (Espa\u00f1a)<\/span><\/a><\/span><\/td>\n<td><a href=\"http:\/\/www.historiacocina.com\/paises\/articulos\/andalusi\/pan.htm\" target=\"_blank\"><span style=\"color: #000000;\">El pan en al-Andalus (Espa\u00f1a)<\/span><\/a><\/td>\n<\/tr>\n<tr>\n<td><span style=\"color: #000000;\"><a href=\"http:\/\/www.historiacocina.com\/paises\/articulos\/andalusi\/frutas.htm\" target=\"_blank\"><span style=\"color: #000000;\">La fruta en la alimentaci\u00f3n nazar\u00ed de al-Andalus (Espa\u00f1a)<\/span><\/a><\/span><\/td>\n<td><span style=\"color: #000000;\"><a href=\"http:\/\/www.historiacocina.com\/paises\/articulos\/andalusi\/frutas.htm\" target=\"_blank\"><span style=\"color: #000000;\">La fruta en la alimentaci\u00f3n nazar\u00ed de al-Andalus (Espa\u00f1a)<\/span><\/a><\/span><br \/>\n<span style=\"color: #000000;\"><span><br \/>\n<\/span><\/span><\/td>\n<td><span style=\"color: #000000;\"><a href=\"http:\/\/www.historiacocina.com\/paises\/articulos\/andalusi\/conservafruta.htm\" target=\"_blank\"><span style=\"color: #000000;\">Ab\u016b l-Jayr y su obra Kit\u0101b al-Fil\u0101ha o tratado de agricultura. Conservaci\u00f3n de la fruta<\/span><\/a><\/span><\/td>\n<\/tr>\n<tr>\n<td><a href=\"http:\/\/www.historiacocina.com\/historia\/articulos\/alfajor.htm\" target=\"_blank\"><span style=\"color: #000000;\">Historia del al-Aj\u00fa(r) o alfajor, un dulce de Navidad<\/span><\/a><\/td>\n<td><a href=\"http:\/\/www.historiacocina.com\/historia\/articulos\/dulcesarabes.htm\" target=\"_blank\"><span style=\"color: #000000;\">Historia de los dulces en al-Andalus<\/span><\/a><\/td>\n<td><\/td>\n<\/tr>\n<tr>\n<td><\/td>\n<td><\/td>\n<td><\/td>\n<\/tr>\n<tr lang=\"\" style=\"background-color: #d3340c;\" valign=\"top\">\n<td><\/td>\n<td style=\"text-align: center;\"><strong>Historia de la gastronom\u00eda en las casas reales espa\u00f1olas<\/strong><\/td>\n<td><\/td>\n<\/tr>\n<tr>\n<td><span style=\"color: #000000;\"><span style=\"font-family: Arial;\"><a href=\"http:\/\/www.historiacocina.com\/gourmets\/cocinerosreales\/carlosII.htm\" target=\"_blank\"><span style=\"color: #000000;\">La cocina en la Corte de Carlos II<\/span><\/a><\/span><\/span><\/td>\n<td><span style=\"color: #000000;\"><span style=\"font-family: Arial;\"><a href=\"http:\/\/www.historiacocina.com\/gourmets\/cocinerosreales\/carlosII1.htm\" target=\"_blank\"><span style=\"color: #000000;\">Datos biogr\u00e1ficos de los cocineros de Carlos II<\/span><\/a><\/span><\/span><\/td>\n<td><span style=\"font-family: Arial; color: #000000;\"><a href=\"http:\/\/www.historiacocina.com\/gourmets\/articulos\/felipev.htm\" target=\"_blank\"><span style=\"color: #000000;\">La revoluci\u00f3n gastron\u00f3mica que introdujo Felipe V<\/span><\/a><\/span><\/td>\n<\/tr>\n<tr>\n<td><span style=\"font-family: Arial; color: #000000;\"><a href=\"http:\/\/www.historiacocina.com\/gourmets\/articulos\/fernandovi.htm\" target=\"_blank\"><span style=\"color: #000000;\">Fernando VI y la transici\u00f3n gastron\u00f3mica<\/span><\/a><\/span><\/td>\n<td><span style=\"color: #000000;\"><a href=\"http:\/\/www.historiacocina.com\/gourmets\/articulos\/carlosIII.htm\" target=\"_blank\"><span style=\"color: #000000;\">Espa\u00f1a, los Borbones y la revoluci\u00f3n gastron\u00f3mica: Carlos III<\/span><\/a><\/span><\/td>\n<td><span style=\"color: #000000;\"><a href=\"http:\/\/www.historiacocina.com\/gourmets\/cocinerosreales\/carlosIII2.htm\" target=\"_blank\"><span style=\"color: #000000;\">Los abastos y la cocina en la \u00e9poca de Carlos III<\/span><\/a><\/span><\/td>\n<\/tr>\n<tr>\n<td><span style=\"color: #000000;\"><a href=\"http:\/\/www.historiacocina.com\/gourmets\/cocinerosreales\/carlosIII1.htm\" target=\"_blank\"><span style=\"color: #000000;\">Datos biogr\u00e1ficos de los cocineros de Carlos III<\/span><\/a><\/span><\/td>\n<td><span style=\"font-family: Arial; color: #000000;\"><a href=\"http:\/\/www.historiacocina.com\/gourmets\/cocinerosreales\/catalan.htm\" target=\"_blank\"><span style=\"color: #000000;\">Historia de la cocina en tiempos de Carlos III a trav\u00e9s de su cocinero Antonio Catal\u00e1n<\/span><\/a><\/span><\/td>\n<td><span style=\"color: #000000;\"><a href=\"http:\/\/www.historiacocina.com\/gourmets\/articulos\/capella.htm\" target=\"_blank\"><span style=\"color: #000000;\">Biograf\u00eda de Loreto Capella Olasagasti y de todos los cocineros del rey Alfonso XIII<\/span><\/a><\/span><\/td>\n<\/tr>\n<tr>\n<td><span style=\"font-family: Arial; color: #000000;\"><a href=\"http:\/\/www.historiacocina.com\/paises\/articulos\/sigloro\/index.htm\" target=\"_blank\"><span style=\"color: #000000;\">Gran monogr\u00e1fico dedicado a la alimentaci\u00f3n en el Siglo de Oro en Espa\u00f1a (13 cap\u00edtulos)<\/span><\/a><\/span><\/td>\n<td><span style=\"font-family: Arial; color: #000000;\"><a href=\"http:\/\/www.historiacocina.com\/gourmets\/articulos\/nodrizas.htm\" target=\"_blank\"><span style=\"color: #000000;\">Los primeros alimentos de reyes y nobles en el Siglo de Oro en Espa\u00f1a: Las nodrizas<\/span><\/a><\/span><\/td>\n<td valign=\"top\"><span style=\"color: #000000;\"><a href=\"https:\/\/www.historiacocina.com\/es\/la-gastronomia-en-la-casa-real\"><span style=\"color: #000000;\">La gastronom\u00eda en la actual Casa Real espa\u00f1ola\u00a0<\/span><\/a><\/span><\/td>\n<\/tr>\n<tr lang=\"\" style=\"background-color: #92a3f0;\" valign=\"top\">\n<td><span style=\"color: #000000;\"><a href=\"https:\/\/www.historiacocina.com\/es\/la-gastronomia-en-la-casa-real\"><span style=\"color: #000000;\">\u00a0<\/span><\/a><\/span><\/td>\n<td style=\"text-align: center;\"><strong>Biograf\u00edas de gastr\u00f3nomos y cocineros espa\u00f1oles<\/strong><\/td>\n<td><\/td>\n<\/tr>\n<tr>\n<td><span style=\"font-family: Arial; color: #000000;\"><a href=\"http:\/\/www.historiacocina.com\/dietas\/articulos\/sancho1.htm\" target=\"_blank\"><span style=\"color: #000000;\">Un rey de opereta, Sancho I &#8216;El Craso&#8217;<\/span><\/a><\/span><\/td>\n<td><span style=\"font-family: Arial; color: #000000;\"><a href=\"http:\/\/www.historiacocina.com\/viajeros\/articulos\/colon2.htm\" target=\"_blank\"><span style=\"color: #000000;\">El segundo viaje de Crist\u00f3bal Col\u00f3n a las Indias Occidentales<\/span><\/a><\/span><\/td>\n<td><span style=\"font-family: Arial; color: #000000;\"><a href=\"http:\/\/www.historiacocina.com\/viajeros\/articulos\/americo.htm\" target=\"_blank\"><span style=\"color: #000000;\">El primer viaje de un gran impostor al Nuevo Mundo, Am\u00e9rico Vespucio<\/span><\/a><\/span><\/td>\n<\/tr>\n<tr>\n<td><span style=\"font-family: Arial; color: #000000;\"><a href=\"http:\/\/www.historiacocina.com\/paises\/articulos\/estebanillo.htm\" target=\"_blank\"><span style=\"color: #000000;\">Estebanillo Gonz\u00e1lez y el relleno imperial aovado<\/span><\/a><\/span><\/td>\n<td><span style=\"font-family: Arial; color: #000000;\"><a href=\"http:\/\/www.historiacocina.com\/gourmets\/articulos\/jesuitas.htm\" target=\"_blank\"><span style=\"color: #000000;\">La cocina de los jesuitas<\/span><\/a><\/span><\/td>\n<td><span style=\"font-family: Arial; color: #000000;\"><a href=\"http:\/\/www.historiacocina.com\/gourmets\/articulos\/amatlle.htm\" target=\"_blank\"><span style=\"color: #000000;\">Biograf\u00eda de Antoni Amatller Costa, maestro chocolatero (1851-1910)<\/span><\/a><\/span><\/td>\n<\/tr>\n<tr>\n<td><span style=\"color: #000000;\"><a href=\"http:\/\/www.historiacocina.com\/gourmets\/articulos\/index.html\" target=\"_blank\"><span style=\"color: #000000;\">La \u00faltima cena de un banquero y doce rom\u00e1nticos<\/span><\/a><\/span><\/td>\n<td><span style=\"font-family: Arial; color: #000000;\"><a href=\"https:\/\/www.historiacocina.com\/es\/puga-y-parga-picadillo\" target=\"_blank\"><span style=\"color: #000000;\">Manuel Mar\u00eda Puga y Parga, \u00abPicadillo\u00bb<\/span><\/a><\/span><\/td>\n<td><span style=\"color: #000000;\"><a href=\"http:\/\/www.historiacocina.com\/gourmets\/articulos\/nestorlujan.htm\" target=\"_blank\"><span style=\"color: #000000;\">Biograf\u00eda de N\u00e9stor Luj\u00e1n<\/span><\/a><\/span><\/td>\n<\/tr>\n<tr>\n<td><span style=\"font-family: Arial;\"><span style=\"color: #000000;\"><a href=\"http:\/\/www.historiacocina.com\/gourmets\/articulos\/pardobazan1.htm\" target=\"_blank\"><span style=\"color: #000000;\">Celebraci\u00f3n gastron\u00f3mica con ocasi\u00f3n del nombramiento de Emilia Pardo Baz\u00e1n como catedr\u00e1tica<\/span><\/a><\/span><\/span><\/td>\n<td><span style=\"color: #000000;\"><a href=\"https:\/\/www.historiacocina.com\/es\/lberto-chicote\" target=\"_blank\"><span style=\"color: #000000;\">Cocineros actuales: Alberto Chicote<\/span><\/a><\/span><\/td>\n<td><\/td>\n<\/tr>\n<tr lang=\"\" style=\"background-color: #ff6600;\" valign=\"top\">\n<td><\/td>\n<td style=\"text-align: center;\"><strong>Historia gastron\u00f3mica general y regional espa\u00f1ola<\/strong><\/td>\n<td><\/td>\n<\/tr>\n<tr>\n<td><a href=\"http:\/\/www.historiacocina.com\/paises\/articulos\/estrabon.htm\" target=\"_blank\"><span style=\"color: #000000;\">Historia de la gastronom\u00eda espa\u00f1ola hace 2000 a\u00f1os seg\u00fan Estrab\u00f3n<\/span><\/a><\/td>\n<td><a href=\"http:\/\/www.historiacocina.com\/paises\/articulos\/madrid.htm\" target=\"_blank\"><span style=\"color: #000000;\">La cocina madrile\u00f1a<\/span><\/a><\/td>\n<td><span style=\"color: #000000;\"><a href=\"http:\/\/www.historiacocina.com\/paises\/articulos\/espana\/trapenses.htm\" target=\"_blank\"><span style=\"color: #000000;\">Historia de la alimentaci\u00f3n de los monjes trapenses en la Espa\u00f1a del siglo XIX<\/span><\/a><\/span><\/td>\n<\/tr>\n<tr>\n<td><a href=\"http:\/\/www.historiacocina.com\/paises\/articulos\/barcos.htm\" target=\"_blank\"><span style=\"color: #000000;\">La alimentaci\u00f3n en los barcos en la historia<\/span><\/a><\/td>\n<td><a href=\"http:\/\/www.historiacocina.com\/especiales\/articulos\/abastobarcos.htm\" target=\"_blank\"><span style=\"color: #000000;\">Historia de la alimentaci\u00f3n en los barcos durante los viajes a Am\u00e9rica en el siglo XVI<\/span><\/a><\/td>\n<td><span style=\"color: #000000;\"><a href=\"http:\/\/www.historiacocina.com\/historia\/articulos\/lecheartificial.htm\" target=\"_blank\"><span style=\"color: #000000;\">Historia de la primera leche artificial para ni\u00f1os en Espa\u00f1a<\/span><\/a><\/span><\/td>\n<\/tr>\n<tr>\n<td><a href=\"http:\/\/www.historiacocina.com\/historia\/articulos\/alimeninos.htm\" target=\"_blank\"><span style=\"color: #000000;\">Historia de la alimentaci\u00f3n de los ni\u00f1os en la Espa\u00f1a de finales del siglo XVIII<\/span><\/a><\/td>\n<td><a href=\"http:\/\/www.historiacocina.com\/paises\/articulos\/cervantes.htm\" target=\"_blank\"><span style=\"color: #000000;\">La mesa de los diferentes estamentos que compon\u00edan la sociedad cervantina\u00a0<\/span><\/a><\/td>\n<td><span style=\"color: #000000;\"><a href=\"http:\/\/www.historiacocina.com\/paises\/articulos\/hospitales.htm\" target=\"_blank\"><span style=\"color: #000000;\">Historia de la diet\u00e9tica o alimentaci\u00f3n en los hospitales espa\u00f1oles en el siglo XIX<\/span><\/a><\/span><\/td>\n<\/tr>\n<tr>\n<td><span style=\"color: #000000;\"><a href=\"http:\/\/www.historiacocina.com\/gourmets\/articulos\/barcelona1.htm\" target=\"_blank\"><span style=\"color: #000000;\">Historia de los primeros restaurantes de Barcelona<\/span><\/a><\/span><\/td>\n<td style=\"color: #000000;\"><span style=\"color: #000000;\"><a href=\"http:\/\/www.historiacocina.com\/gourmets\/articulos\/bar.htm\" target=\"_blank\"><span style=\"color: #000000;\">Historia de los primeros bares de Barcelona<\/span><\/a><\/span><\/td>\n<td><a href=\"http:\/\/www.historiacocina.com\/paises\/articulos\/espana\/barcelona1856.htm\" target=\"_blank\"><span style=\"color: #000000;\">Historia de Barcelona: La gastronom\u00eda, los alimentos y la alimentaci\u00f3n en las Ordenanzas Municipales de 1856<\/span><\/a><\/td>\n<\/tr>\n<tr>\n<td><span style=\"color: #000000; font-family: Arial;\"><a href=\"..\/paises\/articulos\/indianos.htm\" target=\"_blank\"><span style=\"color: #000000;\">Mesa de Indianos, o la verdadera historia de la cocina asturiana<\/span><\/a><\/span><\/td>\n<td><a href=\"..\/paises\/articulos\/asturias.htm\" target=\"_blank\"><span style=\"color: #000000;\">Historia de la alimentaci\u00f3n en Asturias en el siglo XIX<\/span><\/a><\/td>\n<td><a href=\"http:\/\/www.historiacocina.com\/paises\/articulos\/espana\/crevillent.htm\" target=\"_blank\"><span style=\"color: #000000;\">Historia y gastronom\u00eda de la Semana Santa de Crevillent (Alicante, Espa\u00f1a)<\/span><\/a><\/td>\n<\/tr>\n<tr>\n<td><span style=\"color: #000000;\"><a href=\"http:\/\/www.historiacocina.com\/especiales\/articulos\/tecnicas\/indext.html\" target=\"_blank\"><span style=\"color: #000000;\">T\u00e9cnicas de vanguardia en la nueva cocina espa\u00f1ola<\/span><\/a><\/span><\/td>\n<td><span style=\"color: #000000;\"><a href=\"http:\/\/www.ciberjob.org\/cocina\/espana\/espana.htm\" target=\"_blank\"><span style=\"color: #000000;\">Recetas de la cocina espa\u00f1ola de siempre<\/span><\/a><\/span><\/td>\n<td><a href=\"http:\/\/www.historiacocina.com\/es\/un-regalmento-inutil-el-de-la-corporacion-de-confiteros-de-madrid-de-1871\"><span style=\"color: #000000;\">Un curioso reglamento, el de los aguadores de Madrid de 1874<\/span><\/a><\/td>\n<\/tr>\n<tr valign=\"top\">\n<td><a href=\"https:\/\/www.historiacocina.com\/es\/alimentacion-en-carceles-espana\"><span style=\"color: #000000;\"><span style=\"color: #000000;\">Alimentaci\u00f3n en las c\u00e1rceles espa\u00f1olas seg\u00fan las distintas culturas y creencias religiosas<\/span><\/span><\/a><\/td>\n<td>\u00a0<span style=\"color: #000000;\"><a href=\"https:\/\/www.historiacocina.com\/es\/reglamento-madridsanitario\" target=\"_blank\"><span style=\"color: #000000;\">Un reglamento para la\u00a0polic\u00eda\u00a0de alimentos pionero: el de Madrid de 1840\u00a0<\/span><\/a><\/span><\/td>\n<td><a href=\"https:\/\/www.historiacocina.com\/es\/oviedo1804\" target=\"_blank\">\u00a0<span style=\"color: #000000;\">R\u00e9gimen alimenticio para los enfermos de la epidemia de fiebres m\u00f3rbidas contagiosas que padeci\u00f3 la ciudad de Oviedo (Asturias) en el a\u00f1o 1804<\/span><\/a><\/td>\n<\/tr>\n<tr lang=\"\" style=\"background-color: #f3f067;\" valign=\"top\">\n<td><\/td>\n<td style=\"text-align: center;\"><span style=\"color: #000000; font-family: Verdana, Arial, Helvetica, sans-serif; font-size: 11px; font-style: normal; line-height: 17px;\">\u00a0<\/span><strong style=\"color: #000000; font-style: normal;\">Historia del hambre en Espa\u00f1a<\/strong><span style=\"color: #000000; font-family: Verdana, Arial, Helvetica, sans-serif; font-size: 11px; font-style: normal; line-height: 17px;\">\u00a0 (monogr\u00e1fico)<br \/>\n<\/span><\/td>\n<td><\/td>\n<\/tr>\n<tr>\n<td><span style=\"color: #000000;\"><a href=\"http:\/\/www.historiacocina.com\/paises\/articulos\/espana\/sevilla1649.htm\" target=\"_blank\"><span style=\"color: #000000;\">Historia de la epidemia de peste que padeci\u00f3 la ciudad de Sevilla (Espa\u00f1a) en 1649<\/span><\/a><\/span><\/td>\n<td><span style=\"font-family: Arial; color: #000000;\"><a href=\"http:\/\/www.historiacocina.com\/historia\/articulos\/hambreXVIII.htm\" target=\"_blank\"><span style=\"color: #000000;\">Alimentaci\u00f3n de los enfermos de peste en el siglo XVIII<\/span><\/a><\/span><\/td>\n<td><span style=\"font-family: Arial; color: #000000;\"><a href=\"http:\/\/www.historiacocina.com\/paises\/articulos\/espana\/hambremadrid.htm\" target=\"_blank\"><span style=\"color: #000000;\">Historia del hambre en Espa\u00f1a: Madrid 1811-1812<\/span><\/a><\/span><\/td>\n<\/tr>\n<tr>\n<td><span style=\"color: #000000;\"><a href=\"http:\/\/www.historiacocina.com\/paises\/articulos\/espana\/comedores.htm\" target=\"_blank\"><span style=\"color: #000000;\">Historia de los comedores de cocina econ\u00f3mica o comedores de caridad<\/span><\/a><\/span><\/td>\n<td><span style=\"color: #000000;\"><a href=\"http:\/\/www.historiacocina.com\/paises\/articulos\/hambre1900.htm\" target=\"_blank\"><span style=\"color: #000000;\">Historia del hambre en Espa\u00f1a entre 1900 y 1936<\/span><\/a><\/span><\/td>\n<td><span style=\"font-family: Arial; color: #000000;\"><a href=\"http:\/\/www.historiacocina.com\/gourmets\/venenos\/almortas.htm\" target=\"_blank\"><span style=\"color: #000000;\">Historia de la almorta o el veneno que lleg\u00f3 con el hambre tras la Guerra Civil Espa\u00f1ola<\/span><\/a><\/span><\/td>\n<\/tr>\n<tr>\n<td><span style=\"font-family: Arial; color: #000000;\"><a href=\"http:\/\/www.historiacocina.com\/gourmets\/venenos\/almortas.htm\" target=\"_blank\"><span style=\"color: #000000;\">Historia de la almorta o el veneno que lleg\u00f3 con el hambre tras la Guerra Civil Espa\u00f1ola<\/span><\/a><\/span><\/td>\n<td><span style=\"color: #000000;\"><a href=\"http:\/\/www.historiacocina.com\/paises\/articulos\/1940.htm\" target=\"_blank\"><span style=\"color: #000000;\">Historia del hambre en Espa\u00f1a tras la Guerra Civil<\/span><\/a><\/span><\/td>\n<td><span style=\"color: #000000;\"><a href=\"http:\/\/www.historiacocina.com\/paises\/articulos\/espana\/racionamiento.htm\" target=\"_blank\"><span style=\"color: #000000;\">Historia del racionamiento en Espa\u00f1a tras la Guerra Civil<\/span><\/a><\/span><\/td>\n<\/tr>\n<tr>\n<td><span style=\"font-family: Arial; color: #000000;\"><a href=\"http:\/\/www.historiacocina.com\/paises\/articulos\/espana\/recetas1.htm\" target=\"_blank\"><span style=\"color: #000000;\">Historia de recetas de alta cocina para no morir de hambre I<\/span><\/a><\/span><\/td>\n<td><span style=\"font-family: Arial; color: #000000;\"><a href=\"http:\/\/www.historiacocina.com\/paises\/articulos\/espana\/recetas2.htm\" target=\"_blank\"><span style=\"color: #000000;\">Historia de recetas de alta cocina para no morir de hambre II. Si no hay leche de vaca mejor inventarla<\/span><\/a><\/span><\/td>\n<td><span style=\"font-family: Arial; color: #000000;\"><a href=\"http:\/\/www.historiacocina.com\/paises\/articulos\/espana\/recetas3.htm\" target=\"_blank\"><span style=\"color: #000000;\">Historia de recetas de alta cocina para no morir de hambre. Un men\u00fa envenenado<\/span><\/a><\/span><\/td>\n<\/tr>\n<tr>\n<td><span style=\"color: #000000;\"><a href=\"http:\/\/www.historiacocina.com\/paises\/articulos\/espana\/argentina.htm\" target=\"_blank\"><span style=\"color: #000000;\">Historia del hambre en Espa\u00f1a y la ayuda Argentina tras la guerra civil<\/span><\/a><\/span><\/td>\n<td><span style=\"color: #000000;\"><a href=\"http:\/\/www.historiacocina.com\/paises\/articulos\/espana\/spanishtrevolution.htm\" target=\"_blank\"><span style=\"color: #000000;\">La &#8216;Spanish Revolution&#8217; o la manifestaci\u00f3n de los &#8216;Indignados&#8217;: Mayo de 2011<\/span><\/a><\/span><\/td>\n<td><\/td>\n<\/tr>\n<tr lang=\"\" style=\"background-color: #cccccc;\" valign=\"top\">\n<td><\/td>\n<td style=\"text-align: center;\"><strong>Historia de la gastronom\u00eda de Galicia <\/strong>(monogr\u00e1fico)<\/td>\n<td><\/td>\n<\/tr>\n<tr>\n<td><a href=\"..\/paises\/articulos\/santiago.htm\" target=\"_blank\"><span style=\"color: #000000;\">Comer en el Camino de Santiago ayer y hoy<\/span><\/a><\/td>\n<td><a href=\"http:\/\/www.historiacocina.com\/gourmets\/articulos\/picadillo\/picadillo1.html\" target=\"_blank\"><span style=\"color: #000000;\">Biograf\u00eda de Manuel Mar\u00eda Puga y Parga, \u00abPicadillo\u00bb<\/span><\/a><\/td>\n<td><span style=\"color: #000000;\"><a href=\"http:\/\/www.historiacocina.com\/gourmets\/articulos\/pardobazan1.htm\" target=\"_blank\"><span style=\"color: #000000;\">Celebraci\u00f3n gastron\u00f3mica con ocasi\u00f3n del nombramiento de Emilia Pardo Baz\u00e1n como catedr\u00e1tica<\/span><\/a><\/span><\/td>\n<\/tr>\n<tr>\n<td><a href=\"http:\/\/www.historiacocina.com\/gourmets\/articulos\/galicia\/galicia1.htm\"><span style=\"color: #000000;\">Pr\u00f3logo del trabajo y 1891. Tui: \u00bfEl primer banquete en homenaje a la lengua?<\/span><\/a><\/td>\n<td><a href=\"http:\/\/www.historiacocina.com\/gourmets\/articulos\/galicia\/galicia2.htm\"><span style=\"color: #000000;\">1896. A Coru\u00f1a: Un militar que fue escritor o viceversa. Ricardo Caruncho Crosa<\/span><\/a><\/td>\n<td><a href=\"http:\/\/www.historiacocina.com\/gourmets\/articulos\/galicia\/galicia3.htm\"><span style=\"color: #000000;\">1900. Palavea (A Coru\u00f1a): Turnos en los homenajes. Luis Argud\u00edn Bol\u00edvar, un cumplido y buen alcalde\u00a0<\/span><\/a><\/td>\n<\/tr>\n<tr>\n<td><a href=\"http:\/\/www.historiacocina.com\/gourmets\/articulos\/galicia\/galicia4.htm\" target=\"_blank\"><span style=\"color: #000000;\">1901. Un banquete a un hombre que no beb\u00eda, no amaba y tampoco se divert\u00eda: Jos\u00e9 Lombardero Franco<\/span><\/a><\/td>\n<td><a href=\"http:\/\/www.historiacocina.com\/gourmets\/articulos\/galicia\/galicia5.htm\" target=\"_blank\"><span style=\"color: #000000;\">Manuel Linares Rivas, un aplaudido autor dram\u00e1tico, obsequiado por sus amigos y admiradores en 1904\u00a0<\/span><\/a><\/td>\n<td><a href=\"..\/gourmets\/articulos\/galicia\/jambrina.htm\" target=\"_blank\"><span style=\"color: #000000;\">1908. Una comida a ritmo caribe\u00f1o: homenaje en La Habana a Bernardo Berm\u00fadez Jambrina<\/span><\/a><\/td>\n<\/tr>\n<tr>\n<td><span style=\"color: #ffffff;\"><span style=\"color: #000000;\"><a href=\"..\/gourmets\/articulos\/galicia\/murguia.htm\"><span style=\"color: #000000;\">1909 y 1913. Manuel Mart\u00ednez Murgu\u00eda: dos cari\u00f1osos homenajes al Patriarca<\/span><\/a><\/span><br \/>\n<\/span><\/td>\n<td><a href=\"..\/gourmets\/articulos\/galicia\/antolin.htm\" target=\"_blank\"><span style=\"color: #000000;\">1910. Antol\u00edn L\u00f3pez Pel\u00e1ez apodado \u201cEl sabio\u201d y \u201csoldado de la justicia\u201d es homenajeado en su tierra adoptiva<\/span><\/a><\/td>\n<td><a href=\"..\/gourmets\/articulos\/galicia\/regionalistas.htm\" target=\"_blank\"><span style=\"color: #000000;\">1917. Entre regionalistas anda el juego: catalanes y gallegos se homenajean<\/span><\/a><strong><span style=\"color: #ffffff; font-family: Verdana; font-size: x-small;\">. <\/span><\/strong><\/td>\n<\/tr>\n<tr>\n<td><a href=\"..\/gourmets\/articulos\/galicia\/cabanillas.htm\" target=\"_blank\"><span style=\"color: #000000;\">1914. Ram\u00f3n Cabanillas Enriquez emergiendo como \u201cpoeta da raza\u201d <\/span><\/a><\/td>\n<td><\/td>\n<td><\/td>\n<\/tr>\n<tr lang=\"\" style=\"background-color: #ffcc33;\" valign=\"top\">\n<td><\/td>\n<td style=\"text-align: center;\"><strong>Historia de la gastronom\u00eda de Valencia siglo XVIII <\/strong>(monofr\u00e1fico)<strong><br \/>\n<\/strong><\/td>\n<td><\/td>\n<\/tr>\n<tr>\n<td><a target=\"_blank\"><span style=\"color: #000000;\">Descripci\u00f3n de manuscrito <\/span><\/a><\/td>\n<td><a target=\"_blank\"><span style=\"color: #000000;\">Metodolog\u00eda de investigaci\u00f3n <\/span><\/a><\/td>\n<td><span style=\"color: #000000;\"><a href=\"http:\/\/www.historiacocina.com\/valencia\/plano.htm\" target=\"_blank\"><span style=\"color: #000000;\">Cartogr\u00e1ficos bases del estudio <\/span><\/a><\/span><\/td>\n<\/tr>\n<tr>\n<td><a target=\"_blank\"><span style=\"color: #000000;\">Horchatas que no eran de chufa <\/span><\/a><\/td>\n<td><\/td>\n<td><\/td>\n<\/tr>\n<tr lang=\"\" style=\"background-color: #3399ff;\" valign=\"top\">\n<td style=\"text-align: center;\"><\/td>\n<td style=\"text-align: center;\"><strong>Libros y lecturas<\/strong><\/td>\n<td><\/td>\n<\/tr>\n<tr>\n<td><a href=\"http:\/\/www.historiacocina.com\/paises\/articulos\/montino.htm\" target=\"_blank\"><span style=\"color: #000000;\">Rese\u00f1a del libro \u00abArte de la cocina; pasteleria; vizcocheria y conserveria\u00bb, compuesta por Francisco Mart\u00ednez Monti\u00f1o, Cocinero Mayor del Rey Nuestro Se\u00f1or.<\/span><\/a><\/td>\n<td><span style=\"color: #000000;\"><a href=\"http:\/\/www.historiacocina.com\/paises\/articulos\/cozina.htm\" target=\"_blank\"><span style=\"color: #000000;\">Rese\u00f1a del libro \u00abArte de cozina\u00bb de Domingo Hern\u00e1ndez de Maceras<\/span><\/a><\/span><\/td>\n<td>\u00a0<span style=\"color: #000000;\"><a href=\"http:\/\/www.historiacocina.com\/paises\/articulos\/historia.htm\" target=\"_blank\"><span style=\"color: #000000;\">Rese\u00f1a del libros \u00abHistoria de la cocina occidental\u00bb de Carlos Azcoytia<\/span><\/a><\/span><\/td>\n<\/tr>\n<tr>\n<td><span style=\"color: #000000;\"><a href=\"http:\/\/www.historiacocina.com\/peliculas\/salazones.htm\" target=\"_blank\"><span style=\"color: #000000;\">Presentaci\u00f3n en el Gobierno Civil de Almer\u00eda del libro \u00abSalazones y ahumados una tradici\u00f3n milenaria\u00bb de Carlos Azcoytia (video)<\/span><\/a><\/span><\/td>\n<td><span style=\"color: #000000;\"><a href=\"http:\/\/www.historiacocina.com\/libros\/sergio.htm\" target=\"_blank\"><span style=\"color: #000000;\">Rese\u00f1a del libro \u00abUna por pap\u00e1 y otra por mam\u00e1\u00bb de Sergio Fern\u00e1ndez Guerrero <\/span><\/a><\/span><\/td>\n<td><\/td>\n<\/tr>\n<\/tbody>\n<\/table>\n<p>&nbsp;<\/p>\n<\/div>\n<p><script type=\"text\/javascript\">\/\/ <![CDATA[\nvar _gaq = _gaq || [];   _gaq.push(['_setAccount', 'UA-31227422-1']);   _gaq.push(['_trackPageview']);   (function() {     var ga = document.createElement('script'); ga.type = 'text\/javascript'; ga.async = true;     ga.src = ('https:' == document.location.protocol ? 'https:\/\/ssl' : 'http:\/\/www') + '.google-analytics.com\/ga.js';     var s = document.getElementsByTagName('script')[0]; s.parentNode.insertBefore(ga, s);   })();\n\/\/ ]]><\/script><\/p>\n","protected":false},"excerpt":{"rendered":"<p>&nbsp; Alimentos vegetales La picante historia del ajo Historia del olivo, las aceitunas y el aceite en Espa\u00f1a I Historia del olivo, las aceitunas y el aceite II Productos que se cosechaban en Espa\u00f1a e Italia en el siglo I &hellip; <a href=\"https:\/\/www.historiacocina.com\/es\/gastronomia-por-paises\/espana\">Sigue leyendo <span class=\"meta-nav\">&rarr;<\/span><\/a><\/p>\n","protected":false},"author":1,"featured_media":0,"parent":1489,"menu_order":0,"comment_status":"closed","ping_status":"closed","template":"","meta":{"_mi_skip_tracking":false,"_exactmetrics_sitenote_active":false,"_exactmetrics_sitenote_note":"","_exactmetrics_sitenote_category":0},"aioseo_notices":[],"_links":{"self":[{"href":"https:\/\/www.historiacocina.com\/es\/wp-json\/wp\/v2\/pages\/1508"}],"collection":[{"href":"https:\/\/www.historiacocina.com\/es\/wp-json\/wp\/v2\/pages"}],"about":[{"href":"https:\/\/www.historiacocina.com\/es\/wp-json\/wp\/v2\/types\/page"}],"author":[{"embeddable":true,"href":"https:\/\/www.historiacocina.com\/es\/wp-json\/wp\/v2\/users\/1"}],"replies":[{"embeddable":true,"href":"https:\/\/www.historiacocina.com\/es\/wp-json\/wp\/v2\/comments?post=1508"}],"version-history":[{"count":92,"href":"https:\/\/www.historiacocina.com\/es\/wp-json\/wp\/v2\/pages\/1508\/revisions"}],"predecessor-version":[{"id":6007,"href":"https:\/\/www.historiacocina.com\/es\/wp-json\/wp\/v2\/pages\/1508\/revisions\/6007"}],"up":[{"embeddable":true,"href":"https:\/\/www.historiacocina.com\/es\/wp-json\/wp\/v2\/pages\/1489"}],"wp:attachment":[{"href":"https:\/\/www.historiacocina.com\/es\/wp-json\/wp\/v2\/media?parent=1508"}],"curies":[{"name":"wp","href":"https:\/\/api.w.org\/{rel}","templated":true}]}}