{"id":1511,"date":"2012-05-14T13:26:17","date_gmt":"2012-05-14T11:26:17","guid":{"rendered":"http:\/\/www.historiacocina.com\/es\/?page_id=1511"},"modified":"2013-11-14T22:23:08","modified_gmt":"2013-11-14T21:23:08","slug":"colombia","status":"publish","type":"page","link":"https:\/\/www.historiacocina.com\/es\/gastronomia-por-paises\/colombia","title":{"rendered":"Historia de la gastronom\u00eda de Colombia"},"content":{"rendered":"<div align=\"center\">\n<p>&nbsp;<\/p>\n<table style=\"border-collapse: collapse; width: 100%;\" border=\"0\" cellspacing=\"8\" cellpadding=\"8\">\n<tbody>\n<tr dir=\"\" lang=\"\" style=\"background-color: #ffcc00;\" align=\"\" valign=\"\" bgcolor=\"\">\n<td width=\"33%\"><\/td>\n<td style=\"text-align: center;\" width=\"33%\">\u00a0<strong>La gastronom\u00eda de los nativos colombianos<\/strong><\/td>\n<td width=\"34%\"><\/td>\n<\/tr>\n<tr>\n<td width=\"33%\">\u00a0<span style=\"color: #000000;\"><a href=\"http:\/\/www.historiacocina.com\/viajeros\/articulos\/gumilla\/presenta.html\" target=\"_blank\"><span style=\"color: #000000;\">Modo de cultivar sus tierras los indios y los frutos principales que cogen<\/span><\/a><\/span><\/td>\n<td width=\"33%\">\u00a0<span style=\"color: #000000;\"><a href=\"http:\/\/www.historiacocina.com\/viajeros\/articulos\/gumilla\/caserias.html\" target=\"_blank\"><span style=\"color: #000000;\">Caser\u00edas en los campos rasos: variedad de animales y aves que los indios logran en ellos<\/span><\/a><\/span><\/td>\n<td width=\"34%\"><span style=\"color: #000000;\"><a href=\"http:\/\/www.historiacocina.com\/paises\/articulos\/colombia\/caminosincas.htm\" target=\"_blank\"><span style=\"color: #000000;\">Caminos, comercio y mercados de los pueblos mu\u00edscas de Colombia en el siglo XVI<\/span><\/a><\/span><\/td>\n<\/tr>\n<tr dir=\"\" lang=\"\" style=\"background-color: #6c6cff;\" align=\"\" valign=\"\" bgcolor=\"\">\n<td colspan=\"1\"><\/td>\n<td style=\"text-align: center;\" colspan=\"1\"><strong>La alimentaci\u00f3n de los conquistadores<\/strong><\/td>\n<td colspan=\"1\"><\/td>\n<\/tr>\n<tr>\n<td colspan=\"1\"><span style=\"color: #000000;\"><a href=\"http:\/\/www.historiacocina.com\/viajeros\/articulos\/nuevagranada\/nuevagranada1.htm\" target=\"_blank\"><span style=\"color: #000000;\">Alimentaci\u00f3n de los conquistadores en el Nuevo Reino de Granada<\/span><\/a><\/span><\/td>\n<td colspan=\"1\"><span style=\"color: #000000;\"><a href=\"http:\/\/www.historiacocina.com\/viajeros\/articulos\/nuevagranada\/colonizacion.htm\" target=\"_blank\"><span style=\"color: #000000;\">Colonizaci\u00f3n alimentaria en la ciudad de Santaf\u00e9<\/span><\/a><\/span><\/td>\n<td colspan=\"1\"><span style=\"color: #000000;\"><a href=\"http:\/\/www.historiacocina.com\/paises\/articulos\/colombia\/saraosvirreyes.htm\" target=\"_blank\"><span style=\"color: #000000;\">Los saraos de los virreyes en el Nuevo Reino de Granada<\/span><\/a><\/span><\/td>\n<\/tr>\n<tr dir=\"\" lang=\"\" style=\"background-color: #ff3300;\" align=\"\" valign=\"\" bgcolor=\"\">\n<td colspan=\"1\"><\/td>\n<td style=\"text-align: center;\" colspan=\"1\"><strong>Historia de la vida cotidiana y costumbres<br \/>\n<\/strong><\/td>\n<td colspan=\"1\"><\/td>\n<\/tr>\n<tr>\n<td colspan=\"1\"><span style=\"color: #000000;\"><a href=\"http:\/\/www.historiacocina.com\/paises\/articulos\/gastrocolombia.htm\" target=\"_blank\"><span style=\"color: #000000;\">Algo sobre la gastronom\u00eda colombiana<\/span><\/a><\/span><\/td>\n<td colspan=\"1\"><span style=\"color: #000000;\"><a href=\"http:\/\/www.historiacocina.com\/paises\/articulos\/colombia\/mercado.htm\" target=\"_blank\"><span style=\"color: #000000;\">El mercado en la Plaza Mayor de Santaf\u00e9 en el siglo XIX visto por los viajeros<\/span><\/a><\/span><\/td>\n<td colspan=\"1\"><a href=\"http:\/\/www.historiacocina.com\/paises\/articulos\/colombia\/margaritas.htm\" target=\"_blank\"><span style=\"color: #000000;\">Historia del restaurante m\u00e1s antiguo de Bogot\u00e1 o El custodio de la comida Santafere\u00f1a<\/span><\/a><\/td>\n<\/tr>\n<tr>\n<td colspan=\"1\"><a href=\"http:\/\/www.historiacocina.com\/paises\/articulos\/colombia\/carnicerias.htm\" target=\"_blank\"><span style=\"color: #000000;\">Historia de las carnicer\u00edas en Santaf\u00e9 y Tunja en la \u00e9poca colonial<\/span><\/a><\/td>\n<td colspan=\"1\"><span style=\"color: #000000;\"><a href=\"http:\/\/www.historiacocina.com\/paises\/articulos\/colombia\/orinoquia.htm\" target=\"_blank\"><span style=\"color: #000000;\">Visita a la orinoqu\u00eda colombiana<\/span><\/a><\/span><\/td>\n<td colspan=\"1\"><span style=\"color: #000000;\"><a href=\"http:\/\/www.historiacocina.com\/paises\/articulos\/colombia\/independencia.htm\" target=\"_blank\"><span style=\"color: #000000;\">Alimentaci\u00f3n del ej\u00e9rcito en la Guerra de la Independencia colombiana<\/span><\/a><\/span><\/td>\n<\/tr>\n<tr>\n<td colspan=\"1\"><a href=\"http:\/\/www.historiacocina.com\/paises\/articulos\/colombia\/congresosevilla.htm\" target=\"_blank\"><span style=\"color: #000000;\">La alimentaci\u00f3n en la vida cotidiana del Colegio Mayor de Nuestra Se\u00f1ora del Rosario, Bogot\u00e1 &#8211; Colombia (ponencia presentada en el <\/span><\/a><a href=\"http:\/\/www.historiacocina.com\/paises\/articulos\/colombia\/congresosevilla.htm\" target=\"_blank\"><span style=\"color: #000000;\">52\u00b0 Congreso Internacional de Americanistas, Universidad de Sevilla 17 &#8211; 21 de Julio de 2006)<\/span><span style=\"text-decoration: underline;\">.<\/span><\/a><\/td>\n<td colspan=\"1\"><span style=\"color: #000000;\"><a href=\"http:\/\/www.historiacocina.com\/paises\/articulos\/colombia\/ecuador.htm\" target=\"_blank\"><span style=\"color: #000000;\">La alimentaci\u00f3n en la vida cotidiana del Colegio Mayor de Nuestra Se\u00f1ora del Rosario (Bogot\u00e1 &#8211; Colombia) entre los a\u00f1os 1780 y 1811<\/span><\/a><\/span><\/td>\n<td colspan=\"1\"><a href=\"http:\/\/www.historiacocina.com\/paises\/articulos\/colombia\/tomaposesion.htm\" target=\"_blank\"><span style=\"color: #000000;\">Discurso de la toma de posesi\u00f3n como Miembro de la Academia Colombiana de Historia de nuestra compa\u00f1era Cecilia Restrepo Manrique<\/span><\/a><\/td>\n<\/tr>\n<tr>\n<td colspan=\"1\"><span style=\"color: #000000;\"><a title=\"Enlace permanente a \u201cGobierno\u201d del Colegio Mayor Nuestra Se\u00f1ora del Rosario (Bogot\u00e1)\" href=\"https:\/\/www.historiacocina.com\/es\/colegio-del-rosari\" rel=\"bookmark\"><span style=\"color: #000000;\">\u201cGobierno\u201d del Colegio Mayor Nuestra Se\u00f1ora del Rosario (Bogot\u00e1)<\/span><\/a><\/span><\/td>\n<td colspan=\"1\"><\/td>\n<td colspan=\"1\"><\/td>\n<\/tr>\n<tr dir=\"\" lang=\"\" style=\"background-color: #cc9999;\" align=\"\" valign=\"\" bgcolor=\"\">\n<td colspan=\"1\"><\/td>\n<td style=\"text-align: center;\" colspan=\"1\"><strong>Alimentaci\u00f3n y gastronom\u00eda<\/strong><\/td>\n<td colspan=\"1\"><\/td>\n<\/tr>\n<tr>\n<td colspan=\"1\"><a target=\"_blank\"><span style=\"color: #000000;\">Historia del tamal<\/span><\/a><\/td>\n<td colspan=\"1\"><span style=\"color: #000000;\"><a href=\"http:\/\/www.historiacocina.com\/paises\/articulos\/colombia\/ajiaco.htm\" target=\"_blank\"><span style=\"color: #000000;\">Historia del ajiaco<\/span><\/a><\/span><\/td>\n<td colspan=\"1\"><span style=\"color: #000000;\"><a href=\"http:\/\/www.historiacocina.com\/paises\/articulos\/colombia\/panela.htm\" target=\"_blank\"><span style=\"color: #000000;\">Historia de la panela, su elaboraci\u00f3n y propiedades<\/span><\/a><\/span><\/td>\n<\/tr>\n<tr>\n<td colspan=\"1\"><span style=\"color: #000000;\"><a href=\"http:\/\/www.historiacocina.com\/paises\/articulos\/colombia\/beleno.htm\" target=\"_blank\"><span style=\"color: #000000;\">El bocadillo vele\u00f1o<\/span><\/a><\/span><\/td>\n<td colspan=\"1\"><a href=\"https:\/\/www.historiacocina.com\/es\/arepa\"><span style=\"color: #000000;\"><span style=\"color: #000000;\">Historia del ma\u00edz y las arepas de choclo<\/span><\/span><\/a><\/td>\n<td colspan=\"1\"><span style=\"color: #000000;\"><a href=\"http:\/\/www.historiacocina.com\/historia\/articulos\/puchero.htm\" target=\"_blank\"><span style=\"color: #000000;\">Historia del cocido boyacense, una receta que perdura<\/span><\/a><\/span><\/td>\n<\/tr>\n<tr>\n<td colspan=\"1\"><span style=\"color: #000000;\"><a href=\"http:\/\/www.historiacocina.com\/paises\/articulos\/colombia\/pezcapitan.htm\" target=\"_blank\"><span style=\"color: #000000;\">Historia del pez capit\u00e1n<\/span><\/a><\/span><\/td>\n<td colspan=\"1\"><span style=\"color: #000000;\"><a href=\"http:\/\/www.historiacocina.com\/paises\/articulos\/colombia\/dulces.htm\" target=\"_blank\"><span style=\"color: #000000;\">En Bogot\u00e1 cuando de dulces se trata<\/span><\/a><\/span><\/td>\n<td colspan=\"1\">\u00a0<span style=\"color: #000000;\"><a title=\"Enlace permanente a La yuca, alimento prehisp\u00e1nico\" href=\"https:\/\/www.historiacocina.com\/es\/historia-de-la-yuca1\" rel=\"bookmark\"><span style=\"color: #000000;\">La yuca, alimento prehisp\u00e1nico<\/span><\/a><\/span><\/td>\n<\/tr>\n<tr>\n<td><span style=\"color: #333300;\"><a title=\"Editar \u201cCulinaria del Alto Magdalena (Colombia)\u201d\" href=\"http:\/\/www.historiacocina.com\/es\/wp-admin\/post.php?post=4806&amp;action=edit\"><span style=\"color: #333300;\">Culinaria del Alto Magdalena<\/span><\/a><\/span><\/td>\n<td><\/td>\n<td><\/td>\n<\/tr>\n<tr dir=\"\" lang=\"\" style=\"background-color: #ffff00;\" align=\"\" valign=\"\" bgcolor=\"\">\n<td colspan=\"1\"><\/td>\n<td style=\"text-align: center;\" colspan=\"1\"><strong>Bebidas<\/strong><\/td>\n<td colspan=\"1\"><\/td>\n<\/tr>\n<tr>\n<td colspan=\"1\"><span style=\"color: #000000;\"><a href=\"https:\/\/www.historiacocina.com\/es\/historia-de-la-chicha\" target=\"_blank\"><span style=\"color: #000000;\">Historia de la chicha, la cerveza andina<\/span><\/a><\/span><\/td>\n<td colspan=\"1\"><span style=\"color: #000000;\"><a href=\"\"><span style=\"color: #000000;\">Historia de la cerveza en Colombia (monogr\u00e1fico)<\/span><\/a><\/span><\/td>\n<td colspan=\"1\"><span style=\"color: #000000;\"><a href=\"http:\/\/www.historiacocina.com\/es\/936\"><span style=\"color: #000000;\">Historia del refajo colombiano<\/span><\/a><\/span><\/td>\n<\/tr>\n<tr>\n<td colspan=\"1\"><span style=\"color: #000000;\"><a href=\"https:\/\/www.historiacocina.com\/es\/tebogota\"><span style=\"color: #000000;\">La historia de una infusi\u00f3n que pudo cambiar el mundo, el t\u00e9 de Bogot\u00e1<\/span><\/a><\/span><\/td>\n<td colspan=\"1\"><\/td>\n<td colspan=\"1\"><\/td>\n<\/tr>\n<tr dir=\"\" lang=\"\" style=\"background-color: #ffffc1;\" align=\"\" valign=\"\" bgcolor=\"\">\n<td colspan=\"1\"><\/td>\n<td style=\"text-align: center;\" colspan=\"1\"><strong>La ruta de la sal en el Nuevo Reino de Granada<\/strong><\/td>\n<td colspan=\"1\"><\/td>\n<\/tr>\n<tr>\n<td colspan=\"1\"><span style=\"color: #000000;\"><a href=\"http:\/\/www.historiacocina.com\/viajeros\/articulos\/nuevagranada\/conquista.html\" target=\"_blank\"><span style=\"color: #000000;\">La conquista<\/span><\/a><\/span><\/td>\n<td colspan=\"1\"><span style=\"color: #000000;\"><a href=\"http:\/\/www.historiacocina.com\/viajeros\/articulos\/nuevagranada\/explotacion.html\" target=\"_blank\"><span style=\"color: #000000;\">Explotaci\u00f3n de la sal<\/span><\/a><\/span><\/td>\n<td colspan=\"1\"><span style=\"color: #000000;\"><a href=\"http:\/\/www.historiacocina.com\/viajeros\/articulos\/nuevagranada\/colonia.html\" target=\"_blank\"><span style=\"color: #000000;\">La colonia<\/span><\/a><\/span><\/td>\n<\/tr>\n<tr dir=\"\" lang=\"\" style=\"background-color: #cad7ff;\" align=\"\" valign=\"\" bgcolor=\"\">\n<td colspan=\"1\"><\/td>\n<td style=\"text-align: center;\" colspan=\"1\"><strong>Libros y lecturas<\/strong><\/td>\n<td colspan=\"1\"><\/td>\n<\/tr>\n<tr>\n<td colspan=\"1\"><a href=\"http:\/\/www.historiacocina.com\/paises\/articulos\/bogotana.html\" target=\"_blank\"><span style=\"color: #000000;\">Un libro sobre la historia de la cocina colombiana: De la sala al comedor<\/span><\/a><\/td>\n<td colspan=\"1\"><span style=\"color: #000000;\"><a><span style=\"color: #000000;\">Resumen del libro &#8216;La alimentaci\u00f3n en la vida cotidiana del Colegio Mayor de Nuestra Se\u00f1ora del Rosario 1653 &#8211; 1773<\/span><\/a><a href=\"http:\/\/www.historiacocina.com\/paises\/articulos\/alimentacionrosario.htm\" target=\"_blank\">&#8216;<\/a><\/span><\/td>\n<td colspan=\"1\">\u00a0<a href=\"http:\/\/www.historiacocina.com\/paises\/articulos\/angelaisidra.htm\" target=\"_blank\"><span style=\"color: #000000;\">Consulta de do\u00f1a \u00c1ngela Isidra del Campo a Don Felipe de Vergara, y su respuesta sobre; \u00bfsi en Santaf\u00e9 de Bogot\u00e1 ser\u00e1, \u00f3 no l\u00edcito cenar la Noche Buena y cenar bu\u00f1uelos de pescado?<\/span><\/a><\/td>\n<\/tr>\n<tr>\n<td colspan=\"1\"><a href=\"http:\/\/www.historiacocina.com\/paises\/articulos\/colombia\/tequendama.htm\" target=\"_blank\"><span style=\"color: #000000;\">Investigaciones arqueol\u00f3gicas en los abrigos rocosos del Tequendama<\/span><\/a><\/td>\n<td colspan=\"1\"><\/td>\n<td colspan=\"1\"><\/td>\n<\/tr>\n<\/tbody>\n<\/table>\n<\/div>\n<p><script type=\"text\/javascript\">\/\/ <![CDATA[\nvar _gaq = _gaq || [];   _gaq.push(['_setAccount', 'UA-31227422-1']);   _gaq.push(['_trackPageview']);   (function() {     var ga = document.createElement('script'); ga.type = 'text\/javascript'; ga.async = true;     ga.src = ('https:' == document.location.protocol ? 'https:\/\/ssl' : 'http:\/\/www') + '.google-analytics.com\/ga.js';     var s = document.getElementsByTagName('script')[0]; s.parentNode.insertBefore(ga, s);   })();\n\/\/ ]]><\/script><\/p>\n","protected":false},"excerpt":{"rendered":"<p>&nbsp; \u00a0La gastronom\u00eda de los nativos colombianos \u00a0Modo de cultivar sus tierras los indios y los frutos principales que cogen \u00a0Caser\u00edas en los campos rasos: variedad de animales y aves que los indios logran en ellos Caminos, comercio y mercados &hellip; <a href=\"https:\/\/www.historiacocina.com\/es\/gastronomia-por-paises\/colombia\">Sigue leyendo <span class=\"meta-nav\">&rarr;<\/span><\/a><\/p>\n","protected":false},"author":1,"featured_media":0,"parent":1489,"menu_order":0,"comment_status":"closed","ping_status":"closed","template":"","meta":{"_mi_skip_tracking":false,"_exactmetrics_sitenote_active":false,"_exactmetrics_sitenote_note":"","_exactmetrics_sitenote_category":0},"aioseo_notices":[],"_links":{"self":[{"href":"https:\/\/www.historiacocina.com\/es\/wp-json\/wp\/v2\/pages\/1511"}],"collection":[{"href":"https:\/\/www.historiacocina.com\/es\/wp-json\/wp\/v2\/pages"}],"about":[{"href":"https:\/\/www.historiacocina.com\/es\/wp-json\/wp\/v2\/types\/page"}],"author":[{"embeddable":true,"href":"https:\/\/www.historiacocina.com\/es\/wp-json\/wp\/v2\/users\/1"}],"replies":[{"embeddable":true,"href":"https:\/\/www.historiacocina.com\/es\/wp-json\/wp\/v2\/comments?post=1511"}],"version-history":[{"count":38,"href":"https:\/\/www.historiacocina.com\/es\/wp-json\/wp\/v2\/pages\/1511\/revisions"}],"predecessor-version":[{"id":6010,"href":"https:\/\/www.historiacocina.com\/es\/wp-json\/wp\/v2\/pages\/1511\/revisions\/6010"}],"up":[{"embeddable":true,"href":"https:\/\/www.historiacocina.com\/es\/wp-json\/wp\/v2\/pages\/1489"}],"wp:attachment":[{"href":"https:\/\/www.historiacocina.com\/es\/wp-json\/wp\/v2\/media?parent=1511"}],"curies":[{"name":"wp","href":"https:\/\/api.w.org\/{rel}","templated":true}]}}