{"id":2071,"date":"2012-05-19T14:13:28","date_gmt":"2012-05-19T12:13:28","guid":{"rendered":"http:\/\/www.historiacocina.com\/es\/?page_id=2071"},"modified":"2015-04-20T12:29:22","modified_gmt":"2015-04-20T10:29:22","slug":"felicisimo-ramos","status":"publish","type":"page","link":"https:\/\/www.historiacocina.com\/es\/somos-2\/felicisimo-ramos","title":{"rendered":"Felicisimo Ramos Fern\u00e1ndez"},"content":{"rendered":"<p style=\"text-align: left;\"><a href=\"http:\/\/www.historiacocina.com\/es\/wp-content\/uploads\/2012\/05\/felix.jpg\"><img decoding=\"async\" loading=\"lazy\" class=\"alignleft  wp-image-2216\" title=\"Felic\u00edsimo Ramos Fern\u00e1ndez\" src=\"http:\/\/www.historiacocina.com\/es\/wp-content\/uploads\/2012\/05\/felix.jpg\" alt=\"\" width=\"374\" height=\"411\" srcset=\"https:\/\/www.historiacocina.com\/es\/wp-content\/uploads\/2012\/05\/felix.jpg 374w, https:\/\/www.historiacocina.com\/es\/wp-content\/uploads\/2012\/05\/felix-272x300.jpg 272w\" sizes=\"(max-width: 374px) 100vw, 374px\" \/><\/a>Felic\u00edsimo Ramos Fern\u00e1ndez es Doctor en Ciencias Qu\u00edmicas y Doctor en Ciencias F\u00edsicas, diplomado por el Imperial Collage, catedr\u00e1tico de las universidades: Complutense, Badajoz y Alcal\u00e1 de Henares, autor de numerosos trabajos de investigaci\u00f3n y de varios libros, destacando los siguientes: Tratamiento de los valores experimentales y de sus errores, Magnitudes vectoriales empleadas en f\u00edsica cl\u00e1sica, Gui\u00f3n de clases pr\u00e1cticas de F\u00edsica General, Sistema internacional de medidas SI, El agua magnetizada, etc.<br \/>\nDirector e investigador de estudios dirigidos al conocimiento de la estructura de la materia, bien por disfracci\u00f3n de rayos X, como por electrones, as\u00ed como estudios f\u00edsico qu\u00edmicos de superficies.<br \/>\nEl presente trabajo que presentamos en nuestra web es la m\u00e1s amplia selecci\u00f3n de palabras relacionadas con la alimentaci\u00f3n y los aditivos, con m\u00e1s de 80.000 voces, la mayor\u00eda de las cuales ofrecen enlaces a otras palabras similares. En su definici\u00f3n se agrega, adem\u00e1s, la que determina el C\u00f3digo Alimentario Espa\u00f1ol (B.O.E., 31 enero 1985). Las especies est\u00e1n designadas por sus nombres cient\u00edficos y los nombres vulgares con los que se les conoce, acompa\u00f1adas en muchos casos, por su composici\u00f3n en nutrientes.<br \/>\nEste magna obra compuesta por 3.108 p\u00e1ginas, que editamos en exclusiva, es un complemento indispensable para todos los profesionales de la cocina, gastronom\u00eda y nutrici\u00f3n, as\u00ed como para aquellos lectores con inter\u00e9s en el conocimiento de los alimentos id\u00f3neos relacionados con enfermedades, como por ejemplo pueden ser diab\u00e9ticos y celiacos.<\/p>\n<p style=\"text-align: left;\">Nuestro compa\u00f1ero falleci\u00f3 el d\u00eda 20 de abril de 2015.<\/p>\n","protected":false},"excerpt":{"rendered":"<p>Felic\u00edsimo Ramos Fern\u00e1ndez es Doctor en Ciencias Qu\u00edmicas y Doctor en Ciencias F\u00edsicas, diplomado por el Imperial Collage, catedr\u00e1tico de las universidades: Complutense, Badajoz y Alcal\u00e1 de Henares, autor de numerosos trabajos de investigaci\u00f3n y de varios libros, destacando los &hellip; <a href=\"https:\/\/www.historiacocina.com\/es\/somos-2\/felicisimo-ramos\">Sigue leyendo <span class=\"meta-nav\">&rarr;<\/span><\/a><\/p>\n","protected":false},"author":1,"featured_media":0,"parent":2209,"menu_order":0,"comment_status":"closed","ping_status":"closed","template":"","meta":{"_mi_skip_tracking":false,"_exactmetrics_sitenote_active":false,"_exactmetrics_sitenote_note":"","_exactmetrics_sitenote_category":0},"aioseo_notices":[],"_links":{"self":[{"href":"https:\/\/www.historiacocina.com\/es\/wp-json\/wp\/v2\/pages\/2071"}],"collection":[{"href":"https:\/\/www.historiacocina.com\/es\/wp-json\/wp\/v2\/pages"}],"about":[{"href":"https:\/\/www.historiacocina.com\/es\/wp-json\/wp\/v2\/types\/page"}],"author":[{"embeddable":true,"href":"https:\/\/www.historiacocina.com\/es\/wp-json\/wp\/v2\/users\/1"}],"replies":[{"embeddable":true,"href":"https:\/\/www.historiacocina.com\/es\/wp-json\/wp\/v2\/comments?post=2071"}],"version-history":[{"count":7,"href":"https:\/\/www.historiacocina.com\/es\/wp-json\/wp\/v2\/pages\/2071\/revisions"}],"predecessor-version":[{"id":7623,"href":"https:\/\/www.historiacocina.com\/es\/wp-json\/wp\/v2\/pages\/2071\/revisions\/7623"}],"up":[{"embeddable":true,"href":"https:\/\/www.historiacocina.com\/es\/wp-json\/wp\/v2\/pages\/2209"}],"wp:attachment":[{"href":"https:\/\/www.historiacocina.com\/es\/wp-json\/wp\/v2\/media?parent=2071"}],"curies":[{"name":"wp","href":"https:\/\/api.w.org\/{rel}","templated":true}]}}