{"id":2822,"date":"2012-05-29T22:44:10","date_gmt":"2012-05-29T20:44:10","guid":{"rendered":"http:\/\/www.historiacocina.com\/es\/?page_id=2822"},"modified":"2012-05-29T22:44:30","modified_gmt":"2012-05-29T20:44:30","slug":"almudena-mora-notario","status":"publish","type":"page","link":"https:\/\/www.historiacocina.com\/es\/almudena-mora-notario","title":{"rendered":"Almudena Mora Notario"},"content":{"rendered":"<p align=\"left\"><a href=\"http:\/\/www.historiacocina.com\/es\/almudena-mora-notario\"><img decoding=\"async\" loading=\"lazy\" class=\"aligncenter size-full wp-image-2824\" title=\"Almudena Mora Notario\" src=\"http:\/\/www.historiacocina.com\/es\/wp-content\/uploads\/2012\/05\/almudenamora.jpg\" alt=\"\" width=\"370\" height=\"409\" srcset=\"https:\/\/www.historiacocina.com\/es\/wp-content\/uploads\/2012\/05\/almudenamora.jpg 370w, https:\/\/www.historiacocina.com\/es\/wp-content\/uploads\/2012\/05\/almudenamora-271x300.jpg 271w\" sizes=\"(max-width: 370px) 100vw, 370px\" \/><\/a><span style=\"font-family: Arial;\">Nombre: <strong>Almudena Mora Notario<\/strong><\/span><\/p>\n<p align=\"left\"><span style=\"font-family: Arial;\">Formaci\u00f3n acad\u00e9mica: <strong>Medicina y Cirug\u00eda<\/strong><\/span><\/p>\n<p align=\"left\"><span style=\"font-family: Arial;\">Marter: <strong>Nuevas tendencias de investigaci\u00f3n en Antropolog\u00eda: Alternativas al postdesarrollo<\/strong><\/span><\/p>\n<p align=\"left\"><span style=\"font-family: Arial;\">Situaci\u00f3n profesional: <strong>Funcionaria facultativa en la c\u00e1rcel provincial de Villena (Alicante) Espa\u00f1a<\/strong><\/span><\/p>\n<p align=\"left\"><span style=\"font-family: Arial;\">Correo de contacto:<strong> <a href=\"mailto:MUDEMORA@terra.es\"> <span style=\"color: #000000;\">MUDEMORA@terra.es<\/span><\/a><\/strong><\/span><\/p>\n<p>&nbsp;<\/p>\n","protected":false},"excerpt":{"rendered":"<p>Nombre: Almudena Mora Notario Formaci\u00f3n acad\u00e9mica: Medicina y Cirug\u00eda Marter: Nuevas tendencias de investigaci\u00f3n en Antropolog\u00eda: Alternativas al postdesarrollo Situaci\u00f3n profesional: Funcionaria facultativa en la c\u00e1rcel provincial de Villena (Alicante) Espa\u00f1a Correo de contacto: MUDEMORA@terra.es &nbsp;<\/p>\n","protected":false},"author":1,"featured_media":0,"parent":0,"menu_order":0,"comment_status":"closed","ping_status":"closed","template":"","meta":{"_mi_skip_tracking":false,"_exactmetrics_sitenote_active":false,"_exactmetrics_sitenote_note":"","_exactmetrics_sitenote_category":0},"aioseo_notices":[],"_links":{"self":[{"href":"https:\/\/www.historiacocina.com\/es\/wp-json\/wp\/v2\/pages\/2822"}],"collection":[{"href":"https:\/\/www.historiacocina.com\/es\/wp-json\/wp\/v2\/pages"}],"about":[{"href":"https:\/\/www.historiacocina.com\/es\/wp-json\/wp\/v2\/types\/page"}],"author":[{"embeddable":true,"href":"https:\/\/www.historiacocina.com\/es\/wp-json\/wp\/v2\/users\/1"}],"replies":[{"embeddable":true,"href":"https:\/\/www.historiacocina.com\/es\/wp-json\/wp\/v2\/comments?post=2822"}],"version-history":[{"count":4,"href":"https:\/\/www.historiacocina.com\/es\/wp-json\/wp\/v2\/pages\/2822\/revisions"}],"predecessor-version":[{"id":2830,"href":"https:\/\/www.historiacocina.com\/es\/wp-json\/wp\/v2\/pages\/2822\/revisions\/2830"}],"wp:attachment":[{"href":"https:\/\/www.historiacocina.com\/es\/wp-json\/wp\/v2\/media?parent=2822"}],"curies":[{"name":"wp","href":"https:\/\/api.w.org\/{rel}","templated":true}]}}